{"id":2334,"date":"2022-09-07T15:48:17","date_gmt":"2022-09-07T13:48:17","guid":{"rendered":"https:\/\/www.lichtstark.ch\/?page_id=2334"},"modified":"2022-09-07T15:48:17","modified_gmt":"2022-09-07T13:48:17","slug":"startseite-06","status":"publish","type":"page","link":"https:\/\/www.lichtstark.ch\/fr\/","title":{"rendered":"Startseite 06"},"content":{"rendered":"<div class=\"wpb-content-wrapper\">[mk_page_section attachment=&#8221;fixed&#8221; bg_position=&#8221;center center&#8221; bg_repeat=&#8221;no-repeat&#8221; bg_stretch=&#8221;true&#8221; enable_3d=&#8221;true&#8221; full_width=&#8221;true&#8221; full_height=&#8221;true&#8221; padding_top=&#8221;0&#8243; padding_bottom=&#8221;0&#8243; skip_arrow=&#8221;true&#8221; sidebar=&#8221;sidebar-1&#8243;][vc_column][vc_video host=&#8221;self_hosted&#8221; mp4=&#8221;https:\/\/www.lichtstark.ch\/wp-content\/uploads\/2017\/07\/lichtstark-3d-4.9-ohne-ton.mp4&#8243; poster_image=&#8221;https:\/\/www.lichtstark.ch\/wp-content\/uploads\/2016\/05\/Lichtstark-3D-1280.jpg&#8221; autoplay=&#8221;true&#8221; loop=&#8221;true&#8221;][\/vc_column][\/mk_page_section][mk_page_section bg_image=&#8221;http:\/\/www.lichtstark.ch\/wp-content\/uploads\/2016\/05\/overlay.png&#8221; attachment=&#8221;fixed&#8221; bg_repeat=&#8221;no-repeat&#8221; section_id=&#8221;licht&#8221; sidebar=&#8221;sidebar-1&#8243;][vc_column][vc_row_inner attached=&#8221;true&#8221; column_padding=&#8221;1&#8243;][vc_column_inner][mk_padding_divider size=&#8221;20&#8243;][vc_column_text css=&#8221;.vc_custom_1509117915704{margin-bottom: 0px !important;}&#8221;]\n<h4 style=\"text-align: center;\"><span style=\"color: #a1a1a1;\"><span style=\"color: #f36f21;\"><span style=\"color: #a1a1a1;\">FORCE DE LA <span style=\"color: #f36f21;\">LUMI\u00c8RE<\/span><\/span><\/span><\/span><\/h4>\n[\/vc_column_text][\/vc_column_inner][\/vc_row_inner][vc_row_inner attached=&#8221;true&#8221; column_padding=&#8221;1&#8243;][vc_column_inner width=&#8221;1\/2&#8243;][vc_column_text css=&#8221;.vc_custom_1509117947519{margin-bottom: 0px !important;}&#8221;]<span style=\"color: #a1a1a1;\">C\u2019est gr\u00e2ce \u00e0 la lumi\u00e8re que la vie prosp\u00e8re\u00a0; sans lumi\u00e8re les plantes ont beaucoup de peine \u00e0 pousser, et de la m\u00eame mani\u00e8re, le bien-\u00eatre des \u00eatres humains est fortement influenc\u00e9 par la lumi\u00e8re. Utilis\u00e9e correctement, elle peut apporter du confort, provoquer des \u00e9motions\u00a0; ou, dans le cas contraire, appesantir les esprits. C\u2019est pour cette raison qu\u2019il est important de tenir suffisamment compte de ces \u00e9l\u00e9ments lors de la conception de notre environnement. Il est sens\u00e9 d\u2019incorporer les aspects d\u2019agencement luminaire d\u00e8s la phase initiale du d\u00e9veloppement architectural. Nous sommes experts dans ce domaine!<\/span>[\/vc_column_text][vc_column_text][\/vc_column_text][\/vc_column_inner][vc_column_inner width=&#8221;1\/2&#8243;][vc_column_text css=&#8221;.vc_custom_1509117975476{margin-bottom: 0px !important;}&#8221;]<span style=\"color: #a1a1a1;\">Durant ces derni\u00e8res ann\u00e9es, LICHTSTARK s\u2019est sp\u00e9cialis\u00e9 dans la mise en sc\u00e8ne d\u2019espaces et d\u2019infrastructures tr\u00e8s vari\u00e9s, utilisant des installations lumineuses dynamiques et color\u00e9es, au del\u00e0 de l\u2019\u00e9clairage traditionnel\u00a0; dans certains cas, elles incluent m\u00eame une coordination musicale. Ce type d\u2019am\u00e9nagement repose sur une interaction entre l\u2019agencement luminaire de haut niveau, coupl\u00e9 avec la conception architecturale, l\u2019\u00e9lectrotechnique, l\u2019informatique, et la gestion de projet dans le domaine de la construction. Champ libre \u00e0 notre domaine de pr\u00e9dilection\u00a0: &#8220;Visual engineering&#8221;!<\/span>[\/vc_column_text][\/vc_column_inner][\/vc_row_inner][\/vc_column][\/mk_page_section][mk_page_section bg_image=&#8221;https:\/\/www.lichtstark.ch\/wp-content\/uploads\/2017\/03\/rutschenturm-03.jpg&#8221; attachment=&#8221;fixed&#8221; bg_position=&#8221;center center&#8221; bg_repeat=&#8221;no-repeat&#8221; bg_stretch=&#8221;true&#8221; full_width=&#8221;true&#8221; sidebar=&#8221;sidebar-1&#8243;][vc_column][mk_padding_divider size=&#8221;400&#8243;][\/vc_column][\/mk_page_section][mk_page_section bg_image=&#8221;https:\/\/www.lichtstark.ch\/wp-content\/uploads\/2016\/05\/overlay.png&#8221; attachment=&#8221;fixed&#8221; bg_repeat=&#8221;no-repeat&#8221; section_id=&#8221;kompetenzen&#8221; sidebar=&#8221;sidebar-1&#8243;][vc_column][vc_row_inner][vc_column_inner][mk_padding_divider][vc_column_text css=&#8221;.vc_custom_1509118056760{margin-bottom: 0px !important;}&#8221;]\n<h4 style=\"text-align: center;\"><span style=\"color: #f36f21;\">FORT<span style=\"color: #a1a1a1;\">ES<\/span><\/span><span style=\"color: #a1a1a1;\">\u00a0COMP\u00c9TENCES<\/span><\/h4>\n[\/vc_column_text][mk_padding_divider size=&#8221;20&#8243;][\/vc_column_inner][\/vc_row_inner][vc_row_inner attached=&#8221;true&#8221; column_padding=&#8221;1&#8243;][vc_column_inner width=&#8221;1\/3&#8243;][mk_image src=&#8221;httpw:\/\/www.lichtstark.ch\/wp-content\/uploads\/2016\/05\/Lichtkonzept.jpg&#8221; image_size=&#8221;full&#8221; align=&#8221;center&#8221;][vc_column_text css=&#8221;.vc_custom_1509118093410{margin-bottom: 0px !important;}&#8221;]\n<p style=\"text-align: left;\"><span style=\"color: #a1a1a1;\"><span style=\"color: #f36f21;\"><br \/>\nCONCEPTION D&#8217;\u00c9CLAIRAGE<\/span><br \/>\nNous \u00e9laborons des concepts luminaires pour des espaces habitables exclusifs, des lieux de travail et de vente, pour la restauration, ainsi que pour les espaces ext\u00e9rieurs, entre autres. Nous sommes sp\u00e9cialis\u00e9s dans le d\u00e9veloppement de concepts luminaires pour des zones de loisirs tr\u00e8s vari\u00e9es, tels que parcs aquatiques avec toboggans, cabinets de bien-\u00eatre et soins naturels, ou man\u00e8ges de f\u00eates foraines. Nous sommes aussi experts de l\u2019agencement technique luminaire avec \u00e9clairages RGB, par exemple pour cr\u00e9er une fa\u00e7ade media ou une fa\u00e7ade \u00e9clair\u00e9e.<\/span><\/p>\n<p><span style=\"color: #a1a1a1;\">Notre exp\u00e9rience et notre succ\u00e8s dans l\u2019ex\u00e9cution de projets de grande envergure nous permettent d\u2019exceller dans toutes conditions. Donnez-vous la chance d\u2019\u00eatre enthousiasm\u00e9s par nos id\u00e9es, et impressionn\u00e9s par nos comp\u00e9tences en tant que partenaires dans l\u2019ex\u00e9cution de vos projets\u00a0!<\/span>[\/vc_column_text][\/vc_column_inner][vc_column_inner width=&#8221;1\/3&#8243;][mk_image src=&#8221;https:\/\/www.lichtstark.ch\/wp-content\/uploads\/2016\/02\/LED-Technologie.jpg&#8221; image_size=&#8221;full&#8221; align=&#8221;center&#8221;][vc_column_text css=&#8221;.vc_custom_1509118133563{margin-bottom: 0px !important;}&#8221;]<span style=\"color: #a1a1a1;\"><span style=\"color: #f36f21;\"><br \/>\n\u00c9CLAIRAGE-LED DYNAMIC<br \/>\n<\/span><\/span><span style=\"color: #a1a1a1;\">Au moyen d\u2019une technologie LED ultra moderne, il est possible de r\u00e9aliser des mises en sc\u00e8nes qu\u2019on n\u2019aurait pu imaginer, m\u00eame dans un pass\u00e9 r\u00e9cent. En installant des ampoules LED sur une grande surface, et en orchestrant chaque point lumineux de mani\u00e8re individuelle, les possibilit\u00e9s de cr\u00e9ations d\u2019images, ambiances, et effets uniques, sont illimit\u00e9es. Selon vos d\u00e9sirs, il nous est possible de cr\u00e9er des images, vid\u00e9os, textes d\u00e9roulants, etc. qui peuvent m\u00eame \u00eatre accompagn\u00e9s d\u2019une bande sonore ad\u00e9quate.<\/span><\/p>\n<p><span style=\"color: #a1a1a1;\">De telles installations luminaires sont extr\u00eamement complexes et demandent une planification extensive et d\u00e9taill\u00e9e. Elles comprennent souvent des interfaces avec d\u2019autres domaines qui doivent \u00eatre int\u00e9gr\u00e9s correctement. D\u2019autre part, la cr\u00e9ation du contenu est aussi tr\u00e8s importante. Nous sommes des pros dans tous ces domaines, et pouvons vous offrir tous ces services combin\u00e9s\u00a0!<\/span><\/p>\n<p><span style=\"color: #a1a1a1;\">\u00a0<\/span>[\/vc_column_text][\/vc_column_inner][vc_column_inner width=&#8221;1\/3&#8243;][mk_image src=&#8221;httpq:\/\/www.lichtstark.ch\/wp-content\/uploads\/2016\/05\/Visualisierung.jpg&#8221; image_size=&#8221;full&#8221; align=&#8221;center&#8221;][vc_column_text css=&#8221;.vc_custom_1509118165784{margin-bottom: 0px !important;}&#8221;]<span style=\"color: #a1a1a1;\"><span style=\"color: #f36f21;\"><br \/>\nVISUALISATION<br \/>\n<\/span><\/span><span style=\"color: #a1a1a1;\">Afin de pouvoir d\u00e9montrer nos id\u00e9es d\u2019agencement luminaires \u00e0 des clients ou \u00e0 un maitre d\u2019ouvrage, nous d\u00e9veloppons, sur demande, un concept visuel de nos projets. Celui-ci peut \u00eatre statique, c.\u00e0.d. sous la forme d\u2019une image, ou alors, nous sommes aussi en mesure de cr\u00e9er une visualisation dynamique, sous la forme de films. A cet usage, nous utilisons des programmes de mod\u00e9lisation en 3 dimensions tr\u00e8s modernes, ainsi que des logiciels qui permettent d\u2019\u00e9diter les vid\u00e9os.<\/span><\/p>\n<p><span style=\"color: #a1a1a1;\">La possibilit\u00e9 de visualiser le r\u00e9sultat est un \u00e9l\u00e9ment central lors de n\u00e9gociations de ventes. Permettez-nous de vous montrer nos id\u00e9es, et la mani\u00e8re dont vous pouvez utiliser un concept visuel pour vendre votre projet avec succ\u00e8s\u00a0! Evidemment, c\u2019est avec plaisir que nous vous soutenons \u00e9galement en tant que partenaires comp\u00e9tents pour la planification des d\u00e9tails, et pour l\u2019ex\u00e9cution.<\/span><\/p>\n<p><span style=\"color: #a1a1a1;\">\u00a0<\/span>[\/vc_column_text][\/vc_column_inner][\/vc_row_inner][mk_padding_divider size=&#8221;0&#8243;][\/vc_column][\/mk_page_section][mk_page_section bg_image=&#8221;https:\/\/www.lichtstark.ch\/wp-content\/uploads\/2017\/03\/durchgang-01.jpg&#8221; attachment=&#8221;fixed&#8221; bg_position=&#8221;center center&#8221; bg_repeat=&#8221;no-repeat&#8221; bg_stretch=&#8221;true&#8221; full_width=&#8221;true&#8221; sidebar=&#8221;sidebar-1&#8243;][vc_column][mk_padding_divider size=&#8221;400&#8243;][\/vc_column][\/mk_page_section][mk_page_section bg_image=&#8221;https:\/\/www.lichtstark.ch\/wp-content\/uploads\/2016\/05\/overlay.png&#8221; attachment=&#8221;fixed&#8221; bg_position=&#8221;left center&#8221; bg_repeat=&#8221;no-repeat&#8221; section_id=&#8221;projekte&#8221; sidebar=&#8221;sidebar-1&#8243;][vc_column][mk_padding_divider][vc_column_text css=&#8221;.vc_custom_1509118198689{margin-bottom: 0px !important;}&#8221;]\n<h4 style=\"text-align: center;\"><span style=\"color: #f36f21;\">PROJETS <span style=\"color: #a1a1a1;\">R\u00c9ALIS\u00c9S<\/span><\/span><\/h4>\n[\/vc_column_text][vc_row_inner attached=&#8221;true&#8221; column_padding=&#8221;1&#8243;][vc_column_inner width=&#8221;1\/2&#8243;][vc_column_text disable_pattern=&#8221;false&#8221; align=&#8221;center&#8221; css=&#8221;.vc_custom_1509118224745{margin-bottom: 0px !important;}&#8221;]\n<p style=\"text-align: left;\"><span style=\"color: #a1a1a1;\"><span style=\"color: #f36f21;\">LOISIRS<\/span><br \/>\nLa mise en sc\u00e8ne de l\u2019\u00e9clairage d\u2019espaces de loisirs, tels que parcs aquatiques, piscines, toboggans, ou f\u00eates foraines, est un de nos domaines de sp\u00e9cialisation. Grace \u00e0 de nombreuses ann\u00e9es d\u2019exp\u00e9rience, nous faisons partie des experts de cr\u00e9ations luminaires dans ce domaine.\u00a0<\/span><div class=\"flagallery photobox_skin\" id=\"FlaGallery_sc1_13\" ><div class=\"flagPhotoBox_Container\"> <script type=\"text\/javascript\"> jQuery(function(){ var data = {\"thumbwidth\":\"120\",\"thumbheight\":\"90\",\"thumbsvpad\":\"15\",\"thumbshpad\":\"0\",\"history\":\"0\",\"time\":\"8000\",\"autoplay\":\"1\",\"loop\":\"1\",\"thumbs\":\"0\",\"title\":\"1\",\"counter\":\"0\",\"caption\":\"1\",\"zoomable\":\"1\",\"hideFlash\":\"1\",\"key\":\"e65e91588f73a7e3862c8710243595dd\",\"name\":\"GRANDPack\",\"ID\":\"sc1_13\"}; data.content = [{\"id\":\"168\",\"image\":\"https:\\\/\\\/www.lichtstark.ch\\\/wp-content\\\/flagallery\\\/freizeit\\\/webview\\\/img_3233.jpg\",\"thumb\":\"https:\\\/\\\/www.lichtstark.ch\\\/wp-content\\\/flagallery\\\/freizeit\\\/thumbs\\\/thumbs_img_3233.jpg\",\"title\":\"ARBOPARK\",\"alt\":\"ARBOPARK\",\"text\":\"<p>Ehemalige Fabrikhalle zur Indoofreizeitanlage<\\\/p>\\n\",\"media\":\"\",\"link\":\"https:\\\/\\\/www.arbopark.ch\",\"linkTarget\":\"_blank\"},{\"id\":\"164\",\"image\":\"https:\\\/\\\/www.lichtstark.ch\\\/wp-content\\\/flagallery\\\/freizeit\\\/webview\\\/img_0902.jpg\",\"thumb\":\"https:\\\/\\\/www.lichtstark.ch\\\/wp-content\\\/flagallery\\\/freizeit\\\/thumbs\\\/thumbs_img_0902.jpg\",\"title\":\"ARBOPARK\",\"alt\":\"ARBOPARK\",\"text\":\"<p>Ehemalige Fabrikhalle zur Indoofreizeitanlage<\\\/p>\\n\",\"media\":\"\",\"link\":\"https:\\\/\\\/www.arbopark.ch\",\"linkTarget\":\"_blank\"},{\"id\":\"167\",\"image\":\"https:\\\/\\\/www.lichtstark.ch\\\/wp-content\\\/flagallery\\\/freizeit\\\/webview\\\/img_3225.jpg\",\"thumb\":\"https:\\\/\\\/www.lichtstark.ch\\\/wp-content\\\/flagallery\\\/freizeit\\\/thumbs\\\/thumbs_img_3225.jpg\",\"title\":\"ARBOPARK\",\"alt\":\"ARBOPARK\",\"text\":\"<p>Ehemalige Fabrikhalle zur Indoofreizeitanlage<\\\/p>\\n\",\"media\":\"\",\"link\":\"https:\\\/\\\/www.arbopark.ch\",\"linkTarget\":\"_blank\"},{\"id\":\"166\",\"image\":\"https:\\\/\\\/www.lichtstark.ch\\\/wp-content\\\/flagallery\\\/freizeit\\\/webview\\\/img_3159.jpg\",\"thumb\":\"https:\\\/\\\/www.lichtstark.ch\\\/wp-content\\\/flagallery\\\/freizeit\\\/thumbs\\\/thumbs_img_3159.jpg\",\"title\":\"ARBOPARK\",\"alt\":\"ARBOPARK\",\"text\":\"<p>Ehemalige Fabrikhalle zur Indoofreizeitanlage<\\\/p>\\n\",\"media\":\"\",\"link\":\"https:\\\/\\\/www.arbopark.ch\",\"linkTarget\":\"_blank\"},{\"id\":\"165\",\"image\":\"https:\\\/\\\/www.lichtstark.ch\\\/wp-content\\\/flagallery\\\/freizeit\\\/webview\\\/img_0904.jpg\",\"thumb\":\"https:\\\/\\\/www.lichtstark.ch\\\/wp-content\\\/flagallery\\\/freizeit\\\/thumbs\\\/thumbs_img_0904.jpg\",\"title\":\"ARBOPARK\",\"alt\":\"ARBOPARK\",\"text\":\"<p>Ehemalige Fabrikhalle zur Indoofreizeitanlage<\\\/p>\\n\",\"media\":\"\",\"link\":\"https:\\\/\\\/www.arbopark.ch\",\"linkTarget\":\"_blank\"},{\"id\":\"126\",\"image\":\"https:\\\/\\\/www.lichtstark.ch\\\/wp-content\\\/flagallery\\\/freizeit\\\/webview\\\/slidewheel-18.jpg\",\"thumb\":\"https:\\\/\\\/www.lichtstark.ch\\\/wp-content\\\/flagallery\\\/freizeit\\\/thumbs\\\/thumbs_slidewheel-18.jpg\",\"title\":\"SLIDEWHEEL CHIMELONG\",\"alt\":\"SLIDEWHEEL CHIMELONG\",\"text\":\"<p>Weltgr\\u00f6sste drehende Wasserrutsche<br \\\/>\\nFoto: lichtstark<\\\/p>\\n\",\"media\":\"\",\"link\":\"\",\"linkTarget\":\"_self\"},{\"id\":\"127\",\"image\":\"https:\\\/\\\/www.lichtstark.ch\\\/wp-content\\\/flagallery\\\/freizeit\\\/webview\\\/slidewheel-19.jpg\",\"thumb\":\"https:\\\/\\\/www.lichtstark.ch\\\/wp-content\\\/flagallery\\\/freizeit\\\/thumbs\\\/thumbs_slidewheel-19.jpg\",\"title\":\"SLIDEWHEEL CHIMELONG\",\"alt\":\"SLIDEWHEEL CHIMELONG\",\"text\":\"<p>Weltgr\\u00f6sste drehende Wasserrutsche<br \\\/>\\nFoto: lichtstark<\\\/p>\\n\",\"media\":\"\",\"link\":\"\",\"linkTarget\":\"_self\"},{\"id\":\"128\",\"image\":\"https:\\\/\\\/www.lichtstark.ch\\\/wp-content\\\/flagallery\\\/freizeit\\\/webview\\\/slidewheel-20.jpg\",\"thumb\":\"https:\\\/\\\/www.lichtstark.ch\\\/wp-content\\\/flagallery\\\/freizeit\\\/thumbs\\\/thumbs_slidewheel-20.jpg\",\"title\":\"SLIDEWHEEL CHIMELONG\",\"alt\":\"SLIDEWHEEL CHIMELONG\",\"text\":\"<p>Weltgr\\u00f6sste drehende Wasserrutsche<br \\\/>\\nFoto: lichtstark<\\\/p>\\n\",\"media\":\"\",\"link\":\"\",\"linkTarget\":\"_self\"},{\"id\":\"129\",\"image\":\"https:\\\/\\\/www.lichtstark.ch\\\/wp-content\\\/flagallery\\\/freizeit\\\/webview\\\/slidewheel-21.jpg\",\"thumb\":\"https:\\\/\\\/www.lichtstark.ch\\\/wp-content\\\/flagallery\\\/freizeit\\\/thumbs\\\/thumbs_slidewheel-21.jpg\",\"title\":\"SLIDEWHEEL CHIMELONG\",\"alt\":\"SLIDEWHEEL CHIMELONG\",\"text\":\"<p>Weltgr\\u00f6sste drehende Wasserrutsche<br \\\/>\\nFoto: lichtstark<\\\/p>\\n\",\"media\":\"\",\"link\":\"\",\"linkTarget\":\"_self\"},{\"id\":\"131\",\"image\":\"https:\\\/\\\/www.lichtstark.ch\\\/wp-content\\\/flagallery\\\/freizeit\\\/webview\\\/slidewheel-23.jpg\",\"thumb\":\"https:\\\/\\\/www.lichtstark.ch\\\/wp-content\\\/flagallery\\\/freizeit\\\/thumbs\\\/thumbs_slidewheel-23.jpg\",\"title\":\"SLIDEWHEEL CHIMELONG\",\"alt\":\"SLIDEWHEEL CHIMELONG\",\"text\":\"<p>Weltgr\\u00f6sste drehende Wasserrutsche<br \\\/>\\nFoto: lichtstark<\\\/p>\\n\",\"media\":\"\",\"link\":\"\",\"linkTarget\":\"_self\"},{\"id\":\"41\",\"image\":\"https:\\\/\\\/www.lichtstark.ch\\\/wp-content\\\/flagallery\\\/freizeit\\\/webview\\\/rutschenwelt-01.jpg\",\"thumb\":\"https:\\\/\\\/www.lichtstark.ch\\\/wp-content\\\/flagallery\\\/freizeit\\\/thumbs\\\/thumbs_rutschenwelt-01.jpg\",\"title\":\"S\\u00c4NTISPARK RUTSCHENWELT\",\"alt\":\"S\\u00c4NTISPARK RUTSCHENWELT\",\"text\":\"<p>Lichtobjekt \\\"Bergkristall\\\" und inszenierte Rutsche \\\"Sturzflug\\\"<br \\\/>\\nFoto: RLC<\\\/p>\\n\",\"media\":\"\",\"link\":\"https:\\\/\\\/saentispark-freizeit.ch\\\/rutschen\\\/\",\"linkTarget\":\"_blank\"},{\"id\":\"42\",\"image\":\"https:\\\/\\\/www.lichtstark.ch\\\/wp-content\\\/flagallery\\\/freizeit\\\/webview\\\/rutschenwelt-02.jpg\",\"thumb\":\"https:\\\/\\\/www.lichtstark.ch\\\/wp-content\\\/flagallery\\\/freizeit\\\/thumbs\\\/thumbs_rutschenwelt-02.jpg\",\"title\":\"S\\u00c4NTISPARK RUTSCHENWELT\",\"alt\":\"S\\u00c4NTISPARK RUTSCHENWELT\",\"text\":\"<p>Durchgang mit 3 Str\\u00e4ngen aus RGB-Tubes<br \\\/>\\nFoto: RLC<\\\/p>\\n\",\"media\":\"\",\"link\":\"https:\\\/\\\/saentispark-freizeit.ch\\\/rutschen\\\/\",\"linkTarget\":\"_blank\"},{\"id\":\"43\",\"image\":\"https:\\\/\\\/www.lichtstark.ch\\\/wp-content\\\/flagallery\\\/freizeit\\\/webview\\\/rutschenwelt-03.jpg\",\"thumb\":\"https:\\\/\\\/www.lichtstark.ch\\\/wp-content\\\/flagallery\\\/freizeit\\\/thumbs\\\/thumbs_rutschenwelt-03.jpg\",\"title\":\"S\\u00c4NTISPARK RUTSCHENWELT\",\"alt\":\"S\\u00c4NTISPARK RUTSCHENWELT\",\"text\":\"<p>Lichtobjekt \\\"Bergkristall\\\"<br \\\/>\\nFoto: RLC<\\\/p>\\n\",\"media\":\"\",\"link\":\"https:\\\/\\\/saentispark-freizeit.ch\\\/rutschen\\\/\",\"linkTarget\":\"_blank\"},{\"id\":\"44\",\"image\":\"https:\\\/\\\/www.lichtstark.ch\\\/wp-content\\\/flagallery\\\/freizeit\\\/webview\\\/rutschenwelt-04.jpg\",\"thumb\":\"https:\\\/\\\/www.lichtstark.ch\\\/wp-content\\\/flagallery\\\/freizeit\\\/thumbs\\\/thumbs_rutschenwelt-04.jpg\",\"title\":\"S\\u00c4NTISPARK RUTSCHENWELT\",\"alt\":\"S\\u00c4NTISPARK RUTSCHENWELT\",\"text\":\"<p>Lichtobjekt \\\"Kristallstern\\\" an der Decke beim \\\"Super-G\\\" Start<br \\\/>\\nFoto: RLC<\\\/p>\\n\",\"media\":\"\",\"link\":\"https:\\\/\\\/saentispark-freizeit.ch\\\/rutschen\\\/\",\"linkTarget\":\"_blank\"},{\"id\":\"54\",\"image\":\"https:\\\/\\\/www.lichtstark.ch\\\/wp-content\\\/flagallery\\\/freizeit\\\/webview\\\/rutschenwelt-10.jpg\",\"thumb\":\"https:\\\/\\\/www.lichtstark.ch\\\/wp-content\\\/flagallery\\\/freizeit\\\/thumbs\\\/thumbs_rutschenwelt-10.jpg\",\"title\":\"S\\u00c4NTISPARK RUTSCHENWELT\",\"alt\":\"S\\u00c4NTISPARK RUTSCHENWELT\",\"text\":\"<p>Inszenierte Rutsche \\\"Eiskanal\\\" und LED-Handl\\u00e4ufe<br \\\/>\\nFoto: RLC<\\\/p>\\n\",\"media\":\"\",\"link\":\"https:\\\/\\\/saentispark-freizeit.ch\\\/rutschen\\\/\",\"linkTarget\":\"_blank\"},{\"id\":\"140\",\"image\":\"https:\\\/\\\/www.lichtstark.ch\\\/wp-content\\\/flagallery\\\/freizeit\\\/webview\\\/rutschenwelt-14.jpg\",\"thumb\":\"https:\\\/\\\/www.lichtstark.ch\\\/wp-content\\\/flagallery\\\/freizeit\\\/thumbs\\\/thumbs_rutschenwelt-14.jpg\",\"title\":\"S\\u00c4NTISPARK RUTSCHENWELT\",\"alt\":\"S\\u00c4NTISPARK RUTSCHENWELT\",\"text\":\"<p>Lichtobjekt \\\"Kristallstern\\\" an der Decke beim \\\"Super-G\\\" Start<br \\\/>\\nFoto: RLC<\\\/p>\\n\",\"media\":\"\",\"link\":\"https:\\\/\\\/saentispark-freizeit.ch\\\/rutschen\\\/\",\"linkTarget\":\"_blank\"},{\"id\":\"46\",\"image\":\"https:\\\/\\\/www.lichtstark.ch\\\/wp-content\\\/flagallery\\\/freizeit\\\/webview\\\/rutschenwelt-06.jpg\",\"thumb\":\"https:\\\/\\\/www.lichtstark.ch\\\/wp-content\\\/flagallery\\\/freizeit\\\/thumbs\\\/thumbs_rutschenwelt-06.jpg\",\"title\":\"S\\u00c4NTISPARK RUTSCHENWELT\",\"alt\":\"S\\u00c4NTISPARK RUTSCHENWELT\",\"text\":\"<p>Lichtobjekt \\\"Bergkristall\\\" und inszenierte Rutsche \\\"Sturzflug\\\"<br \\\/>\\nFoto: RLC<\\\/p>\\n\",\"media\":\"\",\"link\":\"https:\\\/\\\/saentispark-freizeit.ch\\\/rutschen\\\/\",\"linkTarget\":\"_blank\"},{\"id\":\"49\",\"image\":\"https:\\\/\\\/www.lichtstark.ch\\\/wp-content\\\/flagallery\\\/freizeit\\\/webview\\\/rutschenwelt-07.jpg\",\"thumb\":\"https:\\\/\\\/www.lichtstark.ch\\\/wp-content\\\/flagallery\\\/freizeit\\\/thumbs\\\/thumbs_rutschenwelt-07.jpg\",\"title\":\"S\\u00c4NTISPARK RUTSCHENWELT\",\"alt\":\"S\\u00c4NTISPARK RUTSCHENWELT\",\"text\":\"<p>Lichtobjekt \\\"Bergkristall\\\" und inszenierte Rutschen \\\"Sturzflug\\\" und \\\"Wirbelwind\\\"<br \\\/>\\nFoto: RLC<\\\/p>\\n\",\"media\":\"\",\"link\":\"https:\\\/\\\/saentispark-freizeit.ch\\\/rutschen\\\/\",\"linkTarget\":\"_blank\"},{\"id\":\"55\",\"image\":\"https:\\\/\\\/www.lichtstark.ch\\\/wp-content\\\/flagallery\\\/freizeit\\\/webview\\\/rutschenwelt-11.jpg\",\"thumb\":\"https:\\\/\\\/www.lichtstark.ch\\\/wp-content\\\/flagallery\\\/freizeit\\\/thumbs\\\/thumbs_rutschenwelt-11.jpg\",\"title\":\"S\\u00c4NTISPARK RUTSCHENWELT\",\"alt\":\"S\\u00c4NTISPARK RUTSCHENWELT\",\"text\":\"<p>Durchgang zur Rutschenwelt mit 3 Str\\u00e4ngen aus RGB-Tubes<br \\\/>\\nFoto: RLC<\\\/p>\\n\",\"media\":\"\",\"link\":\"https:\\\/\\\/saentispark-freizeit.ch\\\/rutschen\\\/\",\"linkTarget\":\"_blank\"},{\"id\":\"52\",\"image\":\"https:\\\/\\\/www.lichtstark.ch\\\/wp-content\\\/flagallery\\\/freizeit\\\/webview\\\/rutschenwelt-09.jpg\",\"thumb\":\"https:\\\/\\\/www.lichtstark.ch\\\/wp-content\\\/flagallery\\\/freizeit\\\/thumbs\\\/thumbs_rutschenwelt-09.jpg\",\"title\":\"S\\u00c4NTISPARK RUTSCHENWELT\",\"alt\":\"S\\u00c4NTISPARK RUTSCHENWELT\",\"text\":\"<p>Mit RGB-Tubes inszenierte Wanddurchbr\\u00fcche zum \\\"Canyon\\\"<br \\\/>\\nFoto: RLC<\\\/p>\\n\",\"media\":\"\",\"link\":\"https:\\\/\\\/saentispark-freizeit.ch\\\/rutschen\\\/\",\"linkTarget\":\"_blank\"},{\"id\":\"171\",\"image\":\"https:\\\/\\\/www.lichtstark.ch\\\/wp-content\\\/flagallery\\\/freizeit\\\/webview\\\/bildschirmfoto-2026-01-14-um-14-20-20.jpg\",\"thumb\":\"https:\\\/\\\/www.lichtstark.ch\\\/wp-content\\\/flagallery\\\/freizeit\\\/thumbs\\\/thumbs_bildschirmfoto-2026-01-14-um-14-20-20.jpg\",\"title\":\"FLYING ISLAND @ SixFlaggs Qiddiya\",\"alt\":\"FLYING ISLAND @ SixFlaggs Qiddiya\",\"text\":\"<p>Intamin Flying Island Neubau 2025<br \\\/>\\nFoto: Maurin Benz<\\\/p>\\n\",\"media\":\"\",\"link\":\"https:\\\/\\\/sixflagsqiddiyacity.com\\\/en\",\"linkTarget\":\"_blank\"},{\"id\":\"170\",\"image\":\"https:\\\/\\\/www.lichtstark.ch\\\/wp-content\\\/flagallery\\\/freizeit\\\/webview\\\/bildschirmfoto-2026-01-14-um-11-59-04.jpg\",\"thumb\":\"https:\\\/\\\/www.lichtstark.ch\\\/wp-content\\\/flagallery\\\/freizeit\\\/thumbs\\\/thumbs_bildschirmfoto-2026-01-14-um-11-59-04.jpg\",\"title\":\"FLYING ISLAND @ SixFlaggs Qiddiya\",\"alt\":\"FLYING ISLAND @ SixFlaggs Qiddiya\",\"text\":\"<p>Intamin Flying Island Neubau 2025<br \\\/>\\nFoto: Maurin Benz<\\\/p>\\n\",\"media\":\"\",\"link\":\"https:\\\/\\\/sixflagsqiddiyacity.com\\\/en\",\"linkTarget\":\"_blank\"},{\"id\":\"169\",\"image\":\"https:\\\/\\\/www.lichtstark.ch\\\/wp-content\\\/flagallery\\\/freizeit\\\/webview\\\/bildschirmfoto-2026-01-14-um-11-43-43.jpg\",\"thumb\":\"https:\\\/\\\/www.lichtstark.ch\\\/wp-content\\\/flagallery\\\/freizeit\\\/thumbs\\\/thumbs_bildschirmfoto-2026-01-14-um-11-43-43.jpg\",\"title\":\"FLYING ISLAND @ SixFlaggs Qiddiya\",\"alt\":\"FLYING ISLAND @ SixFlaggs Qiddiya\",\"text\":\"<p>Intamin Flying Island Neubau 2025<br \\\/>\\nFoto: Maurin Benz<\\\/p>\\n\",\"media\":\"\",\"link\":\"https:\\\/\\\/sixflagsqiddiyacity.com\\\/en\",\"linkTarget\":\"_blank\"},{\"id\":\"172\",\"image\":\"https:\\\/\\\/www.lichtstark.ch\\\/wp-content\\\/flagallery\\\/freizeit\\\/webview\\\/bildschirmfoto-2026-01-14-um-14-23-24.jpg\",\"thumb\":\"https:\\\/\\\/www.lichtstark.ch\\\/wp-content\\\/flagallery\\\/freizeit\\\/thumbs\\\/thumbs_bildschirmfoto-2026-01-14-um-14-23-24.jpg\",\"title\":\"FLYING ISLAND @ SixFlaggs Qiddiya\",\"alt\":\"FLYING ISLAND @ SixFlaggs Qiddiya\",\"text\":\"<p>Intamin Flying Island Neubau 2025<br \\\/>\\nFoto: Maurin Benz<\\\/p>\\n\",\"media\":\"\",\"link\":\"https:\\\/\\\/sixflagsqiddiyacity.com\\\/en\",\"linkTarget\":\"_blank\"}]; jQuery('#FlaGallery_sc1_13 .flagPhotoBox_Container').photobox('a', data); }); <\/script><\/div><\/div><noscript id=\"noscript_FlaGallery_sc1_13\"><a href=\"https:\/\/www.arbopark.ch\"><img class=\"skip-lazy no-lazyload noLazy\" data-lazy-src=\"\" src =\"https:\/\/www.lichtstark.ch\/wp-content\/flagallery\/freizeit\/img_3233.jpg\" alt=\"ARBOPARK\" \/><\/a><a href=\"https:\/\/www.arbopark.ch\"><img class=\"skip-lazy no-lazyload noLazy\" data-lazy-src=\"\" src =\"https:\/\/www.lichtstark.ch\/wp-content\/flagallery\/freizeit\/img_0902.jpg\" alt=\"ARBOPARK\" \/><\/a><a href=\"https:\/\/www.arbopark.ch\"><img class=\"skip-lazy no-lazyload noLazy\" data-lazy-src=\"\" src =\"https:\/\/www.lichtstark.ch\/wp-content\/flagallery\/freizeit\/img_3225.jpg\" alt=\"ARBOPARK\" \/><\/a><a href=\"https:\/\/www.arbopark.ch\"><img class=\"skip-lazy no-lazyload noLazy\" data-lazy-src=\"\" src =\"https:\/\/www.lichtstark.ch\/wp-content\/flagallery\/freizeit\/img_3159.jpg\" alt=\"ARBOPARK\" \/><\/a><a href=\"https:\/\/www.arbopark.ch\"><img class=\"skip-lazy no-lazyload noLazy\" data-lazy-src=\"\" src =\"https:\/\/www.lichtstark.ch\/wp-content\/flagallery\/freizeit\/img_0904.jpg\" alt=\"ARBOPARK\" \/><\/a><img class=\"skip-lazy no-lazyload noLazy\" data-lazy-src=\"\" src =\"https:\/\/www.lichtstark.ch\/wp-content\/flagallery\/freizeit\/slidewheel-18.jpg\" alt=\"SLIDEWHEEL CHIMELONG\" \/><img class=\"skip-lazy no-lazyload noLazy\" data-lazy-src=\"\" src =\"https:\/\/www.lichtstark.ch\/wp-content\/flagallery\/freizeit\/slidewheel-19.jpg\" alt=\"SLIDEWHEEL CHIMELONG\" \/><img class=\"skip-lazy no-lazyload noLazy\" data-lazy-src=\"\" src =\"https:\/\/www.lichtstark.ch\/wp-content\/flagallery\/freizeit\/slidewheel-20.jpg\" alt=\"SLIDEWHEEL CHIMELONG\" \/><img class=\"skip-lazy no-lazyload noLazy\" data-lazy-src=\"\" src =\"https:\/\/www.lichtstark.ch\/wp-content\/flagallery\/freizeit\/slidewheel-21.jpg\" alt=\"SLIDEWHEEL CHIMELONG\" \/><img class=\"skip-lazy no-lazyload noLazy\" data-lazy-src=\"\" src =\"https:\/\/www.lichtstark.ch\/wp-content\/flagallery\/freizeit\/slidewheel-23.jpg\" alt=\"SLIDEWHEEL CHIMELONG\" \/><a href=\"https:\/\/saentispark-freizeit.ch\/rutschen\/\"><img class=\"skip-lazy no-lazyload noLazy\" data-lazy-src=\"\" src =\"https:\/\/www.lichtstark.ch\/wp-content\/flagallery\/freizeit\/rutschenwelt-01.jpg\" alt=\"S\u00c4NTISPARK RUTSCHENWELT\" \/><\/a><a href=\"https:\/\/saentispark-freizeit.ch\/rutschen\/\"><img class=\"skip-lazy no-lazyload noLazy\" data-lazy-src=\"\" src =\"https:\/\/www.lichtstark.ch\/wp-content\/flagallery\/freizeit\/rutschenwelt-02.jpg\" alt=\"S\u00c4NTISPARK RUTSCHENWELT\" \/><\/a><a href=\"https:\/\/saentispark-freizeit.ch\/rutschen\/\"><img class=\"skip-lazy no-lazyload noLazy\" data-lazy-src=\"\" src =\"https:\/\/www.lichtstark.ch\/wp-content\/flagallery\/freizeit\/rutschenwelt-03.jpg\" alt=\"S\u00c4NTISPARK RUTSCHENWELT\" \/><\/a><a href=\"https:\/\/saentispark-freizeit.ch\/rutschen\/\"><img class=\"skip-lazy no-lazyload noLazy\" data-lazy-src=\"\" src =\"https:\/\/www.lichtstark.ch\/wp-content\/flagallery\/freizeit\/rutschenwelt-04.jpg\" alt=\"S\u00c4NTISPARK RUTSCHENWELT\" \/><\/a><a href=\"https:\/\/saentispark-freizeit.ch\/rutschen\/\"><img class=\"skip-lazy no-lazyload noLazy\" data-lazy-src=\"\" src =\"https:\/\/www.lichtstark.ch\/wp-content\/flagallery\/freizeit\/rutschenwelt-10.jpg\" alt=\"S\u00c4NTISPARK RUTSCHENWELT\" \/><\/a><a href=\"https:\/\/saentispark-freizeit.ch\/rutschen\/\"><img class=\"skip-lazy no-lazyload noLazy\" data-lazy-src=\"\" src =\"https:\/\/www.lichtstark.ch\/wp-content\/flagallery\/freizeit\/rutschenwelt-14.jpg\" alt=\"S\u00c4NTISPARK RUTSCHENWELT\" \/><\/a><a href=\"https:\/\/saentispark-freizeit.ch\/rutschen\/\"><img class=\"skip-lazy no-lazyload noLazy\" data-lazy-src=\"\" src =\"https:\/\/www.lichtstark.ch\/wp-content\/flagallery\/freizeit\/rutschenwelt-06.jpg\" alt=\"S\u00c4NTISPARK RUTSCHENWELT\" \/><\/a><a href=\"https:\/\/saentispark-freizeit.ch\/rutschen\/\"><img class=\"skip-lazy no-lazyload noLazy\" data-lazy-src=\"\" src =\"https:\/\/www.lichtstark.ch\/wp-content\/flagallery\/freizeit\/rutschenwelt-07.jpg\" alt=\"S\u00c4NTISPARK RUTSCHENWELT\" \/><\/a><a href=\"https:\/\/saentispark-freizeit.ch\/rutschen\/\"><img class=\"skip-lazy no-lazyload noLazy\" data-lazy-src=\"\" src =\"https:\/\/www.lichtstark.ch\/wp-content\/flagallery\/freizeit\/rutschenwelt-11.jpg\" alt=\"S\u00c4NTISPARK RUTSCHENWELT\" \/><\/a><a href=\"https:\/\/saentispark-freizeit.ch\/rutschen\/\"><img class=\"skip-lazy no-lazyload noLazy\" data-lazy-src=\"\" src =\"https:\/\/www.lichtstark.ch\/wp-content\/flagallery\/freizeit\/rutschenwelt-09.jpg\" alt=\"S\u00c4NTISPARK RUTSCHENWELT\" \/><\/a><a href=\"https:\/\/sixflagsqiddiyacity.com\/en\"><img class=\"skip-lazy no-lazyload noLazy\" data-lazy-src=\"\" src =\"https:\/\/www.lichtstark.ch\/wp-content\/flagallery\/freizeit\/bildschirmfoto-2026-01-14-um-14-20-20.jpg\" alt=\"FLYING ISLAND @ SixFlaggs Qiddiya\" \/><\/a><a href=\"https:\/\/sixflagsqiddiyacity.com\/en\"><img class=\"skip-lazy no-lazyload noLazy\" data-lazy-src=\"\" src =\"https:\/\/www.lichtstark.ch\/wp-content\/flagallery\/freizeit\/bildschirmfoto-2026-01-14-um-11-59-04.jpg\" alt=\"FLYING ISLAND @ SixFlaggs Qiddiya\" \/><\/a><a href=\"https:\/\/sixflagsqiddiyacity.com\/en\"><img class=\"skip-lazy no-lazyload noLazy\" data-lazy-src=\"\" src =\"https:\/\/www.lichtstark.ch\/wp-content\/flagallery\/freizeit\/bildschirmfoto-2026-01-14-um-11-43-43.jpg\" alt=\"FLYING ISLAND @ SixFlaggs Qiddiya\" \/><\/a><a href=\"https:\/\/sixflagsqiddiyacity.com\/en\"><img class=\"skip-lazy no-lazyload noLazy\" data-lazy-src=\"\" src =\"https:\/\/www.lichtstark.ch\/wp-content\/flagallery\/freizeit\/bildschirmfoto-2026-01-14-um-14-23-24.jpg\" alt=\"FLYING ISLAND @ SixFlaggs Qiddiya\" \/><\/a><\/noscript>\n[\/vc_column_text][\/vc_column_inner][vc_column_inner width=&#8221;1\/2&#8243;][vc_column_text disable_pattern=&#8221;false&#8221; align=&#8221;center&#8221; css=&#8221;.vc_custom_1509118247651{margin-bottom: 0px !important;}&#8221;]\n<p style=\"text-align: left;\"><span style=\"color: #f36f21;\">BIEN-\u00caTRE<br \/>\n<\/span><span style=\"color: #a1a1a1;\">Une ambiance de lumi\u00e8re appropri\u00e9e transforme n\u2019importe quel espace de soins naturels en un havre de bien-\u00eatre. Nous planifions et mettons en place des objets exclusifs, qui laissent la place \u00e0 la cr\u00e9ativit\u00e9. Regardez les diff\u00e9rentes images int\u00e9ressantes.<br \/>\n<\/span><div class=\"flagallery photobox_skin\" id=\"FlaGallery_sc2_14\" ><div class=\"flagPhotoBox_Container\"> <script type=\"text\/javascript\"> jQuery(function(){ var data = {\"thumbwidth\":\"120\",\"thumbheight\":\"90\",\"thumbsvpad\":\"15\",\"thumbshpad\":\"0\",\"history\":\"0\",\"time\":\"8000\",\"autoplay\":\"1\",\"loop\":\"1\",\"thumbs\":\"0\",\"title\":\"1\",\"counter\":\"0\",\"caption\":\"1\",\"zoomable\":\"1\",\"hideFlash\":\"1\",\"key\":\"e65e91588f73a7e3862c8710243595dd\",\"name\":\"GRANDPack\",\"ID\":\"sc2_14\"}; data.content = [{\"id\":\"179\",\"image\":\"https:\\\/\\\/www.lichtstark.ch\\\/wp-content\\\/flagallery\\\/wellness\\\/webview\\\/lichtstark-erlebnisbild-saentispark-0039.jpg\",\"thumb\":\"https:\\\/\\\/www.lichtstark.ch\\\/wp-content\\\/flagallery\\\/wellness\\\/thumbs\\\/thumbs_lichtstark-erlebnisbild-saentispark-0039.jpg\",\"title\":\"S\\u00c4NTISPARK ERLEBNISBAD\",\"alt\":\"S\\u00c4NTISPARK ERLEBNISBAD\",\"text\":\"<p>Drohnenaufnahmen vom frisch renoviertem Erlebnisbad 2025<br \\\/>\\nFoto: Maurin Benz<\\\/p>\\n\",\"media\":\"\",\"link\":\"https:\\\/\\\/saentispark-freizeit.ch\\\/baeder\",\"linkTarget\":\"_blank\"},{\"id\":\"175\",\"image\":\"https:\\\/\\\/www.lichtstark.ch\\\/wp-content\\\/flagallery\\\/wellness\\\/webview\\\/lichtstark-erlebnisbild-saentispark-0015.jpg\",\"thumb\":\"https:\\\/\\\/www.lichtstark.ch\\\/wp-content\\\/flagallery\\\/wellness\\\/thumbs\\\/thumbs_lichtstark-erlebnisbild-saentispark-0015.jpg\",\"title\":\"S\\u00c4NTISPARK ERLEBNISBAD\",\"alt\":\"S\\u00c4NTISPARK ERLEBNISBAD\",\"text\":\"<p>Drohnenaufnahmen vom frisch renoviertem Erlebnisbad 2025<br \\\/>\\nFoto: Maurin Benz<\\\/p>\\n\",\"media\":\"\",\"link\":\"https:\\\/\\\/saentispark-freizeit.ch\\\/baeder\",\"linkTarget\":\"_blank\"},{\"id\":\"177\",\"image\":\"https:\\\/\\\/www.lichtstark.ch\\\/wp-content\\\/flagallery\\\/wellness\\\/webview\\\/lichtstark-erlebnisbild-saentispark-0036.jpg\",\"thumb\":\"https:\\\/\\\/www.lichtstark.ch\\\/wp-content\\\/flagallery\\\/wellness\\\/thumbs\\\/thumbs_lichtstark-erlebnisbild-saentispark-0036.jpg\",\"title\":\"S\\u00c4NTISPARK ERLEBNISBAD\",\"alt\":\"S\\u00c4NTISPARK ERLEBNISBAD\",\"text\":\"<p>Drohnenaufnahmen vom frisch renoviertem Erlebnisbad 2025<br \\\/>\\nFoto: Maurin Benz<\\\/p>\\n\",\"media\":\"\",\"link\":\"https:\\\/\\\/saentispark-freizeit.ch\\\/baeder\",\"linkTarget\":\"_blank\"},{\"id\":\"176\",\"image\":\"https:\\\/\\\/www.lichtstark.ch\\\/wp-content\\\/flagallery\\\/wellness\\\/webview\\\/lichtstark-erlebnisbild-saentispark-0031.jpg\",\"thumb\":\"https:\\\/\\\/www.lichtstark.ch\\\/wp-content\\\/flagallery\\\/wellness\\\/thumbs\\\/thumbs_lichtstark-erlebnisbild-saentispark-0031.jpg\",\"title\":\"S\\u00c4NTISPARK ERLEBNISBAD\",\"alt\":\"S\\u00c4NTISPARK ERLEBNISBAD\",\"text\":\"<p>Drohnenaufnahmen vom frisch renoviertem Erlebnisbad 2025<br \\\/>\\nFoto: Maurin Benz<\\\/p>\\n\",\"media\":\"\",\"link\":\"https:\\\/\\\/saentispark-freizeit.ch\\\/baeder\",\"linkTarget\":\"_blank\"},{\"id\":\"178\",\"image\":\"https:\\\/\\\/www.lichtstark.ch\\\/wp-content\\\/flagallery\\\/wellness\\\/webview\\\/lichtstark-erlebnisbild-saentispark-0037.jpg\",\"thumb\":\"https:\\\/\\\/www.lichtstark.ch\\\/wp-content\\\/flagallery\\\/wellness\\\/thumbs\\\/thumbs_lichtstark-erlebnisbild-saentispark-0037.jpg\",\"title\":\"S\\u00c4NTISPARK ERLEBNISBAD\",\"alt\":\"S\\u00c4NTISPARK ERLEBNISBAD\",\"text\":\"<p>Drohnenaufnahmen vom frisch renoviertem Erlebnisbad 2025<br \\\/>\\nFoto: Maurin Benz<\\\/p>\\n\",\"media\":\"\",\"link\":\"https:\\\/\\\/saentispark-freizeit.ch\\\/baeder\",\"linkTarget\":\"_blank\"},{\"id\":\"118\",\"image\":\"https:\\\/\\\/www.lichtstark.ch\\\/wp-content\\\/flagallery\\\/wellness\\\/webview\\\/kinderbad-16.jpg\",\"thumb\":\"https:\\\/\\\/www.lichtstark.ch\\\/wp-content\\\/flagallery\\\/wellness\\\/thumbs\\\/thumbs_kinderbad-16.jpg\",\"title\":\"S\\u00c4NTISPARK KINDERBAD\",\"alt\":\"S\\u00c4NTISPARK KINDERBAD\",\"text\":\"<p>Farbwechselnde Wolken im Kinderbad<br \\\/>\\nFoto: RLC<\\\/p>\\n\",\"media\":\"\",\"link\":\"https:\\\/\\\/saentispark-freizeit.ch\\\/baeder\",\"linkTarget\":\"_blank\"},{\"id\":\"119\",\"image\":\"https:\\\/\\\/www.lichtstark.ch\\\/wp-content\\\/flagallery\\\/wellness\\\/webview\\\/kinderbad-17.jpg\",\"thumb\":\"https:\\\/\\\/www.lichtstark.ch\\\/wp-content\\\/flagallery\\\/wellness\\\/thumbs\\\/thumbs_kinderbad-17.jpg\",\"title\":\"S\\u00c4NTISPARK KINDERBAD\",\"alt\":\"S\\u00c4NTISPARK KINDERBAD\",\"text\":\"<p>Farbwechselnde Wolken im Kinderbad<br \\\/>\\nFoto: RLC<\\\/p>\\n\",\"media\":\"\",\"link\":\"https:\\\/\\\/saentispark-freizeit.ch\\\/baeder\\\/kinder\\\/\",\"linkTarget\":\"_blank\"},{\"id\":\"120\",\"image\":\"https:\\\/\\\/www.lichtstark.ch\\\/wp-content\\\/flagallery\\\/wellness\\\/webview\\\/kinderbad-18.jpg\",\"thumb\":\"https:\\\/\\\/www.lichtstark.ch\\\/wp-content\\\/flagallery\\\/wellness\\\/thumbs\\\/thumbs_kinderbad-18.jpg\",\"title\":\"S\\u00c4NTISPARK KINDERBAD\",\"alt\":\"S\\u00c4NTISPARK KINDERBAD\",\"text\":\"<p>Farbwechselnde Wolken im Kinderbad<br \\\/>\\nFoto: RLC<\\\/p>\\n\",\"media\":\"\",\"link\":\"https:\\\/\\\/saentispark-freizeit.ch\\\/baeder\\\/kinder\\\/\",\"linkTarget\":\"_blank\"},{\"id\":\"121\",\"image\":\"https:\\\/\\\/www.lichtstark.ch\\\/wp-content\\\/flagallery\\\/wellness\\\/webview\\\/kinderbad-19.jpg\",\"thumb\":\"https:\\\/\\\/www.lichtstark.ch\\\/wp-content\\\/flagallery\\\/wellness\\\/thumbs\\\/thumbs_kinderbad-19.jpg\",\"title\":\"S\\u00c4NTISPARK KINDERBAD\",\"alt\":\"S\\u00c4NTISPARK KINDERBAD\",\"text\":\"<p>Farbwechselnde Wolken im Kinderbad<br \\\/>\\nFoto: RLC<\\\/p>\\n\",\"media\":\"\",\"link\":\"https:\\\/\\\/saentispark-freizeit.ch\\\/baeder\\\/kinder\\\/\",\"linkTarget\":\"_blank\"},{\"id\":\"122\",\"image\":\"https:\\\/\\\/www.lichtstark.ch\\\/wp-content\\\/flagallery\\\/wellness\\\/webview\\\/kinderbad-20.jpg\",\"thumb\":\"https:\\\/\\\/www.lichtstark.ch\\\/wp-content\\\/flagallery\\\/wellness\\\/thumbs\\\/thumbs_kinderbad-20.jpg\",\"title\":\"S\\u00c4NTISPARK KINDERBAD\",\"alt\":\"S\\u00c4NTISPARK KINDERBAD\",\"text\":\"<p>Farbwechselnde Wolken im Kinderbad<br \\\/>\\nFoto: RLC<\\\/p>\\n\",\"media\":\"\",\"link\":\"https:\\\/\\\/saentispark-freizeit.ch\\\/baeder\\\/kinder\\\/\",\"linkTarget\":\"_blank\"},{\"id\":\"123\",\"image\":\"https:\\\/\\\/www.lichtstark.ch\\\/wp-content\\\/flagallery\\\/wellness\\\/webview\\\/kinderbad-21.jpg\",\"thumb\":\"https:\\\/\\\/www.lichtstark.ch\\\/wp-content\\\/flagallery\\\/wellness\\\/thumbs\\\/thumbs_kinderbad-21.jpg\",\"title\":\"S\\u00c4NTISPARK KINDERBAD\",\"alt\":\"S\\u00c4NTISPARK KINDERBAD\",\"text\":\"<p>Farbwechselnde Wolken im Kinderbad<br \\\/>\\nFoto: RLC<\\\/p>\\n\",\"media\":\"\",\"link\":\"https:\\\/\\\/saentispark-freizeit.ch\\\/baeder\\\/kinder\\\/\",\"linkTarget\":\"_blank\"},{\"id\":\"124\",\"image\":\"https:\\\/\\\/www.lichtstark.ch\\\/wp-content\\\/flagallery\\\/wellness\\\/webview\\\/kinderbad-2.jpg\",\"thumb\":\"https:\\\/\\\/www.lichtstark.ch\\\/wp-content\\\/flagallery\\\/wellness\\\/thumbs\\\/thumbs_kinderbad-2.jpg\",\"title\":\"S\\u00c4NTISPARK KINDERBAD\",\"alt\":\"S\\u00c4NTISPARK KINDERBAD\",\"text\":\"<p>Farbwechselnde Wolken im Kinderbad<br \\\/>\\nFoto: lichtstark<\\\/p>\\n\",\"media\":\"\",\"link\":\"https:\\\/\\\/saentispark-freizeit.ch\\\/baeder\\\/kinder\\\/\",\"linkTarget\":\"_blank\"},{\"id\":\"125\",\"image\":\"https:\\\/\\\/www.lichtstark.ch\\\/wp-content\\\/flagallery\\\/wellness\\\/webview\\\/kinderbad-3.jpg\",\"thumb\":\"https:\\\/\\\/www.lichtstark.ch\\\/wp-content\\\/flagallery\\\/wellness\\\/thumbs\\\/thumbs_kinderbad-3.jpg\",\"title\":\"S\\u00c4NTISPARK KINDERBAD\",\"alt\":\"S\\u00c4NTISPARK KINDERBAD\",\"text\":\"<p>Farbwechselnde Wolken im Kinderbad<br \\\/>\\nFoto: lichtstark<\\\/p>\\n\",\"media\":\"\",\"link\":\"https:\\\/\\\/saentispark-freizeit.ch\\\/baeder\\\/kinder\\\/\",\"linkTarget\":\"_blank\"},{\"id\":\"174\",\"image\":\"https:\\\/\\\/www.lichtstark.ch\\\/wp-content\\\/flagallery\\\/wellness\\\/webview\\\/img_1557.jpg\",\"thumb\":\"https:\\\/\\\/www.lichtstark.ch\\\/wp-content\\\/flagallery\\\/wellness\\\/thumbs\\\/thumbs_img_1557.jpg\",\"title\":\"S\\u00c4NTISPARK SAUNA\",\"alt\":\"S\\u00c4NTISPARK SAUNA\",\"text\":\"<p>Wandleuchten an Sauna im Wellnessbereich<br \\\/>\\nFoto: lichtstark<\\\/p>\\n\",\"media\":\"\",\"link\":\"https:\\\/\\\/saentispark-freizeit.ch\\\/sauna\\\/\",\"linkTarget\":\"_blank\"},{\"id\":\"173\",\"image\":\"https:\\\/\\\/www.lichtstark.ch\\\/wp-content\\\/flagallery\\\/wellness\\\/webview\\\/img_1555.jpg\",\"thumb\":\"https:\\\/\\\/www.lichtstark.ch\\\/wp-content\\\/flagallery\\\/wellness\\\/thumbs\\\/thumbs_img_1555.jpg\",\"title\":\"S\\u00c4NTISPARK SAUNA\",\"alt\":\"S\\u00c4NTISPARK SAUNA\",\"text\":\"<p>Wandleuchten an Sauna im Wellnessbereich<br \\\/>\\nFoto: lichtstark<\\\/p>\\n\",\"media\":\"\",\"link\":\"https:\\\/\\\/saentispark-freizeit.ch\\\/sauna\\\/\",\"linkTarget\":\"_blank\"},{\"id\":\"180\",\"image\":\"https:\\\/\\\/www.lichtstark.ch\\\/wp-content\\\/flagallery\\\/wellness\\\/webview\\\/img_1558.jpg\",\"thumb\":\"https:\\\/\\\/www.lichtstark.ch\\\/wp-content\\\/flagallery\\\/wellness\\\/thumbs\\\/thumbs_img_1558.jpg\",\"title\":\"S\\u00c4NTISPARK SAUNA\",\"alt\":\"S\\u00c4NTISPARK SAUNA\",\"text\":\"<p>Wandleuchten an Sauna im Wellnessbereich<br \\\/>\\nFoto: lichtstark<\\\/p>\\n\",\"media\":\"\",\"link\":\"https:\\\/\\\/saentispark-freizeit.ch\\\/sauna\\\/\",\"linkTarget\":\"_blank\"},{\"id\":\"68\",\"image\":\"https:\\\/\\\/www.lichtstark.ch\\\/wp-content\\\/flagallery\\\/wellness\\\/webview\\\/sauna-11.jpg\",\"thumb\":\"https:\\\/\\\/www.lichtstark.ch\\\/wp-content\\\/flagallery\\\/wellness\\\/thumbs\\\/thumbs_sauna-11.jpg\",\"title\":\"S\\u00c4NTISPARK SAUNA\",\"alt\":\"S\\u00c4NTISPARK SAUNA\",\"text\":\"<p>Wellnessbereich mit indirekt beleuchteter Holzdecke<br \\\/>\\nFoto: lichtstark<\\\/p>\\n\",\"media\":\"\",\"link\":\"https:\\\/\\\/saentispark-freizeit.ch\\\/sauna\\\/\",\"linkTarget\":\"_blank\"},{\"id\":\"60\",\"image\":\"https:\\\/\\\/www.lichtstark.ch\\\/wp-content\\\/flagallery\\\/wellness\\\/webview\\\/sauna-03.jpg\",\"thumb\":\"https:\\\/\\\/www.lichtstark.ch\\\/wp-content\\\/flagallery\\\/wellness\\\/thumbs\\\/thumbs_sauna-03.jpg\",\"title\":\"S\\u00c4NTISPARK SAUNA\",\"alt\":\"S\\u00c4NTISPARK SAUNA\",\"text\":\"<p>Hinterleuchtete Geweihskulptur<br \\\/>\\nFoto: lichtstark<\\\/p>\\n\",\"media\":\"\",\"link\":\"https:\\\/\\\/saentispark-freizeit.ch\\\/sauna\\\/\",\"linkTarget\":\"_blank\"},{\"id\":\"64\",\"image\":\"https:\\\/\\\/www.lichtstark.ch\\\/wp-content\\\/flagallery\\\/wellness\\\/webview\\\/sauna-07.jpg\",\"thumb\":\"https:\\\/\\\/www.lichtstark.ch\\\/wp-content\\\/flagallery\\\/wellness\\\/thumbs\\\/thumbs_sauna-07.jpg\",\"title\":\"S\\u00c4NTISPARK SAUNA\",\"alt\":\"S\\u00c4NTISPARK SAUNA\",\"text\":\"<p>Wandleuchten an Sauna im Wellnessbereich<br \\\/>\\nFoto: lichtstark<\\\/p>\\n\",\"media\":\"\",\"link\":\"https:\\\/\\\/saentispark-freizeit.ch\\\/sauna\\\/\",\"linkTarget\":\"_blank\"},{\"id\":\"62\",\"image\":\"https:\\\/\\\/www.lichtstark.ch\\\/wp-content\\\/flagallery\\\/wellness\\\/webview\\\/sauna-05.jpg\",\"thumb\":\"https:\\\/\\\/www.lichtstark.ch\\\/wp-content\\\/flagallery\\\/wellness\\\/thumbs\\\/thumbs_sauna-05.jpg\",\"title\":\"S\\u00c4NTISPARK SAUNA\",\"alt\":\"S\\u00c4NTISPARK SAUNA\",\"text\":\"<p>Lichtkreise aus Lichtleiter an Saunadecke<br \\\/>\\nFoto: lichtstark<\\\/p>\\n\",\"media\":\"\",\"link\":\"https:\\\/\\\/saentispark-freizeit.ch\\\/sauna\\\/\",\"linkTarget\":\"_blank\"},{\"id\":\"58\",\"image\":\"https:\\\/\\\/www.lichtstark.ch\\\/wp-content\\\/flagallery\\\/wellness\\\/webview\\\/sauna-01.jpg\",\"thumb\":\"https:\\\/\\\/www.lichtstark.ch\\\/wp-content\\\/flagallery\\\/wellness\\\/thumbs\\\/thumbs_sauna-01.jpg\",\"title\":\"S\\u00c4NTISPARK SAUNA\",\"alt\":\"S\\u00c4NTISPARK SAUNA\",\"text\":\"<p>Hinterleuchter Sitzbereich in Sauna<br \\\/>\\nFoto: lichtstark<\\\/p>\\n\",\"media\":\"\",\"link\":\"https:\\\/\\\/saentispark-freizeit.ch\\\/sauna\\\/\",\"linkTarget\":\"_blank\"},{\"id\":\"63\",\"image\":\"https:\\\/\\\/www.lichtstark.ch\\\/wp-content\\\/flagallery\\\/wellness\\\/webview\\\/sauna-06.jpg\",\"thumb\":\"https:\\\/\\\/www.lichtstark.ch\\\/wp-content\\\/flagallery\\\/wellness\\\/thumbs\\\/thumbs_sauna-06.jpg\",\"title\":\"S\\u00c4NTISPARK SAUNA\",\"alt\":\"S\\u00c4NTISPARK SAUNA\",\"text\":\"<p>Eisbrunnen mit Sockelbeleuchtung<br \\\/>\\nFoto: lichtstark<\\\/p>\\n\",\"media\":\"\",\"link\":\"https:\\\/\\\/saentispark-freizeit.ch\\\/sauna\\\/\",\"linkTarget\":\"_blank\"},{\"id\":\"65\",\"image\":\"https:\\\/\\\/www.lichtstark.ch\\\/wp-content\\\/flagallery\\\/wellness\\\/webview\\\/sauna-08.jpg\",\"thumb\":\"https:\\\/\\\/www.lichtstark.ch\\\/wp-content\\\/flagallery\\\/wellness\\\/thumbs\\\/thumbs_sauna-08.jpg\",\"title\":\"S\\u00c4NTISPARK SAUNA\",\"alt\":\"S\\u00c4NTISPARK SAUNA\",\"text\":\"<p>Geweihskulptur mit ringf\\u00f6rmiger Pendelleuchte<br \\\/>\\nFoto: lichtstark<\\\/p>\\n\",\"media\":\"\",\"link\":\"https:\\\/\\\/saentispark-freizeit.ch\\\/sauna\\\/\",\"linkTarget\":\"_blank\"},{\"id\":\"67\",\"image\":\"https:\\\/\\\/www.lichtstark.ch\\\/wp-content\\\/flagallery\\\/wellness\\\/webview\\\/sauna-10.jpg\",\"thumb\":\"https:\\\/\\\/www.lichtstark.ch\\\/wp-content\\\/flagallery\\\/wellness\\\/thumbs\\\/thumbs_sauna-10.jpg\",\"title\":\"S\\u00c4NTISPARK SAUNA\",\"alt\":\"S\\u00c4NTISPARK SAUNA\",\"text\":\"<p>Beleuchtetes Glasbild in Sauna<br \\\/>\\nFoto: lichtstark<\\\/p>\\n\",\"media\":\"\",\"link\":\"https:\\\/\\\/saentispark-freizeit.ch\\\/sauna\\\/\",\"linkTarget\":\"_blank\"}]; jQuery('#FlaGallery_sc2_14 .flagPhotoBox_Container').photobox('a', data); }); <\/script><\/div><\/div><noscript id=\"noscript_FlaGallery_sc2_14\"><a href=\"https:\/\/saentispark-freizeit.ch\/baeder\"><img class=\"skip-lazy no-lazyload noLazy\" data-lazy-src=\"\" src =\"https:\/\/www.lichtstark.ch\/wp-content\/flagallery\/wellness\/lichtstark-erlebnisbild-saentispark-0039.jpg\" alt=\"S\u00c4NTISPARK ERLEBNISBAD\" \/><\/a><a href=\"https:\/\/saentispark-freizeit.ch\/baeder\"><img class=\"skip-lazy no-lazyload noLazy\" data-lazy-src=\"\" src =\"https:\/\/www.lichtstark.ch\/wp-content\/flagallery\/wellness\/lichtstark-erlebnisbild-saentispark-0015.jpg\" alt=\"S\u00c4NTISPARK ERLEBNISBAD\" \/><\/a><a href=\"https:\/\/saentispark-freizeit.ch\/baeder\"><img class=\"skip-lazy no-lazyload noLazy\" data-lazy-src=\"\" src =\"https:\/\/www.lichtstark.ch\/wp-content\/flagallery\/wellness\/lichtstark-erlebnisbild-saentispark-0036.jpg\" alt=\"S\u00c4NTISPARK ERLEBNISBAD\" \/><\/a><a href=\"https:\/\/saentispark-freizeit.ch\/baeder\"><img class=\"skip-lazy no-lazyload noLazy\" data-lazy-src=\"\" src =\"https:\/\/www.lichtstark.ch\/wp-content\/flagallery\/wellness\/lichtstark-erlebnisbild-saentispark-0031.jpg\" alt=\"S\u00c4NTISPARK ERLEBNISBAD\" \/><\/a><a href=\"https:\/\/saentispark-freizeit.ch\/baeder\"><img class=\"skip-lazy no-lazyload noLazy\" data-lazy-src=\"\" src =\"https:\/\/www.lichtstark.ch\/wp-content\/flagallery\/wellness\/lichtstark-erlebnisbild-saentispark-0037.jpg\" alt=\"S\u00c4NTISPARK ERLEBNISBAD\" \/><\/a><a href=\"https:\/\/saentispark-freizeit.ch\/baeder\"><img class=\"skip-lazy no-lazyload noLazy\" data-lazy-src=\"\" src =\"https:\/\/www.lichtstark.ch\/wp-content\/flagallery\/wellness\/kinderbad-16.jpg\" alt=\"S\u00c4NTISPARK KINDERBAD\" \/><\/a><a href=\"https:\/\/saentispark-freizeit.ch\/baeder\/kinder\/\"><img class=\"skip-lazy no-lazyload noLazy\" data-lazy-src=\"\" src =\"https:\/\/www.lichtstark.ch\/wp-content\/flagallery\/wellness\/kinderbad-17.jpg\" alt=\"S\u00c4NTISPARK KINDERBAD\" \/><\/a><a href=\"https:\/\/saentispark-freizeit.ch\/baeder\/kinder\/\"><img class=\"skip-lazy no-lazyload noLazy\" data-lazy-src=\"\" src =\"https:\/\/www.lichtstark.ch\/wp-content\/flagallery\/wellness\/kinderbad-18.jpg\" alt=\"S\u00c4NTISPARK KINDERBAD\" \/><\/a><a href=\"https:\/\/saentispark-freizeit.ch\/baeder\/kinder\/\"><img class=\"skip-lazy no-lazyload noLazy\" data-lazy-src=\"\" src =\"https:\/\/www.lichtstark.ch\/wp-content\/flagallery\/wellness\/kinderbad-19.jpg\" alt=\"S\u00c4NTISPARK KINDERBAD\" \/><\/a><a href=\"https:\/\/saentispark-freizeit.ch\/baeder\/kinder\/\"><img class=\"skip-lazy no-lazyload noLazy\" data-lazy-src=\"\" src =\"https:\/\/www.lichtstark.ch\/wp-content\/flagallery\/wellness\/kinderbad-20.jpg\" alt=\"S\u00c4NTISPARK KINDERBAD\" \/><\/a><a href=\"https:\/\/saentispark-freizeit.ch\/baeder\/kinder\/\"><img class=\"skip-lazy no-lazyload noLazy\" data-lazy-src=\"\" src =\"https:\/\/www.lichtstark.ch\/wp-content\/flagallery\/wellness\/kinderbad-21.jpg\" alt=\"S\u00c4NTISPARK KINDERBAD\" \/><\/a><a href=\"https:\/\/saentispark-freizeit.ch\/baeder\/kinder\/\"><img class=\"skip-lazy no-lazyload noLazy\" data-lazy-src=\"\" src =\"https:\/\/www.lichtstark.ch\/wp-content\/flagallery\/wellness\/kinderbad-2.jpg\" alt=\"S\u00c4NTISPARK KINDERBAD\" \/><\/a><a href=\"https:\/\/saentispark-freizeit.ch\/baeder\/kinder\/\"><img class=\"skip-lazy no-lazyload noLazy\" data-lazy-src=\"\" src =\"https:\/\/www.lichtstark.ch\/wp-content\/flagallery\/wellness\/kinderbad-3.jpg\" alt=\"S\u00c4NTISPARK KINDERBAD\" \/><\/a><a href=\"https:\/\/saentispark-freizeit.ch\/sauna\/\"><img class=\"skip-lazy no-lazyload noLazy\" data-lazy-src=\"\" src =\"https:\/\/www.lichtstark.ch\/wp-content\/flagallery\/wellness\/img_1557.jpg\" alt=\"S\u00c4NTISPARK SAUNA\" \/><\/a><a href=\"https:\/\/saentispark-freizeit.ch\/sauna\/\"><img class=\"skip-lazy no-lazyload noLazy\" data-lazy-src=\"\" src =\"https:\/\/www.lichtstark.ch\/wp-content\/flagallery\/wellness\/img_1555.jpg\" alt=\"S\u00c4NTISPARK SAUNA\" \/><\/a><a href=\"https:\/\/saentispark-freizeit.ch\/sauna\/\"><img class=\"skip-lazy no-lazyload noLazy\" data-lazy-src=\"\" src =\"https:\/\/www.lichtstark.ch\/wp-content\/flagallery\/wellness\/img_1558.jpg\" alt=\"S\u00c4NTISPARK SAUNA\" \/><\/a><a href=\"https:\/\/saentispark-freizeit.ch\/sauna\/\"><img class=\"skip-lazy no-lazyload noLazy\" data-lazy-src=\"\" src =\"https:\/\/www.lichtstark.ch\/wp-content\/flagallery\/wellness\/sauna-11.jpg\" alt=\"S\u00c4NTISPARK SAUNA\" \/><\/a><a href=\"https:\/\/saentispark-freizeit.ch\/sauna\/\"><img class=\"skip-lazy no-lazyload noLazy\" data-lazy-src=\"\" src =\"https:\/\/www.lichtstark.ch\/wp-content\/flagallery\/wellness\/sauna-03.jpg\" alt=\"S\u00c4NTISPARK SAUNA\" \/><\/a><a href=\"https:\/\/saentispark-freizeit.ch\/sauna\/\"><img class=\"skip-lazy no-lazyload noLazy\" data-lazy-src=\"\" src =\"https:\/\/www.lichtstark.ch\/wp-content\/flagallery\/wellness\/sauna-07.jpg\" alt=\"S\u00c4NTISPARK SAUNA\" \/><\/a><a href=\"https:\/\/saentispark-freizeit.ch\/sauna\/\"><img class=\"skip-lazy no-lazyload noLazy\" data-lazy-src=\"\" src =\"https:\/\/www.lichtstark.ch\/wp-content\/flagallery\/wellness\/sauna-05.jpg\" alt=\"S\u00c4NTISPARK SAUNA\" \/><\/a><a href=\"https:\/\/saentispark-freizeit.ch\/sauna\/\"><img class=\"skip-lazy no-lazyload noLazy\" data-lazy-src=\"\" src =\"https:\/\/www.lichtstark.ch\/wp-content\/flagallery\/wellness\/sauna-01.jpg\" alt=\"S\u00c4NTISPARK SAUNA\" \/><\/a><a href=\"https:\/\/saentispark-freizeit.ch\/sauna\/\"><img class=\"skip-lazy no-lazyload noLazy\" data-lazy-src=\"\" src =\"https:\/\/www.lichtstark.ch\/wp-content\/flagallery\/wellness\/sauna-06.jpg\" alt=\"S\u00c4NTISPARK SAUNA\" \/><\/a><a href=\"https:\/\/saentispark-freizeit.ch\/sauna\/\"><img class=\"skip-lazy no-lazyload noLazy\" data-lazy-src=\"\" src =\"https:\/\/www.lichtstark.ch\/wp-content\/flagallery\/wellness\/sauna-08.jpg\" alt=\"S\u00c4NTISPARK SAUNA\" \/><\/a><a href=\"https:\/\/saentispark-freizeit.ch\/sauna\/\"><img class=\"skip-lazy no-lazyload noLazy\" data-lazy-src=\"\" src =\"https:\/\/www.lichtstark.ch\/wp-content\/flagallery\/wellness\/sauna-10.jpg\" alt=\"S\u00c4NTISPARK SAUNA\" \/><\/a><\/noscript>\n[\/vc_column_text][\/vc_column_inner][\/vc_row_inner][\/vc_column][\/mk_page_section][mk_page_section bg_image=&#8221;https:\/\/www.lichtstark.ch\/wp-content\/uploads\/2016\/05\/overlay.png&#8221; attachment=&#8221;fixed&#8221; bg_position=&#8221;left center&#8221; bg_repeat=&#8221;no-repeat&#8221; section_id=&#8221;projekte&#8221; sidebar=&#8221;sidebar-1&#8243;][vc_column][vc_row_inner attached=&#8221;true&#8221; column_padding=&#8221;1&#8243;][vc_column_inner width=&#8221;1\/2&#8243;][vc_column_text disable_pattern=&#8221;false&#8221; align=&#8221;center&#8221; css=&#8221;.vc_custom_1509118272187{margin-bottom: 0px !important;}&#8221;]\n<p style=\"text-align: left;\"><span style=\"color: #a1a1a1;\"><span style=\"color: #f36f21;\">ARCHITECTURE<br \/>\n<\/span>L\u2019\u00e9clairage est un \u00e9l\u00e9ment-cl\u00e9 de la cr\u00e9ation architecturale. Il est possible d\u2019accentuer certaines caract\u00e9ristiques de mani\u00e8re tr\u00e8s innovatrice, et au moyen de m\u00e9dia luminaires tr\u00e8s divers. M\u00eame les espaces ext\u00e9rieurs peuvent attirer beaucoup plus d\u2019attention si on utilise un agencement luminaire cibl\u00e9. Il y a beaucoup de possibilit\u00e9s pour l&#8217;\u00e9clairage.\u00a0<\/span><div class=\"flagallery photobox_skin\" id=\"FlaGallery_sc3_15\" ><div class=\"flagPhotoBox_Container\"> <script type=\"text\/javascript\"> jQuery(function(){ var data = {\"thumbwidth\":\"120\",\"thumbheight\":\"90\",\"thumbsvpad\":\"15\",\"thumbshpad\":\"0\",\"history\":\"0\",\"time\":\"8000\",\"autoplay\":\"1\",\"loop\":\"1\",\"thumbs\":\"0\",\"title\":\"1\",\"counter\":\"0\",\"caption\":\"1\",\"zoomable\":\"1\",\"hideFlash\":\"1\",\"key\":\"e65e91588f73a7e3862c8710243595dd\",\"name\":\"GRANDPack\",\"ID\":\"sc3_15\"}; data.content = [{\"id\":\"185\",\"image\":\"https:\\\/\\\/www.lichtstark.ch\\\/wp-content\\\/flagallery\\\/architektur\\\/webview\\\/img_9581.jpg\",\"thumb\":\"https:\\\/\\\/www.lichtstark.ch\\\/wp-content\\\/flagallery\\\/architektur\\\/thumbs\\\/thumbs_img_9581.jpg\",\"title\":\"Kirche St. Theresia Rheineck SG\",\"alt\":\"Kirche St. Theresia Rheineck SG\",\"text\":\"<p>Frisch Renovierte Theresienkirche<br \\\/>\\nFoto: Lichtstark<\\\/p>\\n\",\"media\":\"\",\"link\":\"https:\\\/\\\/www.kath-rheineck.ch\",\"linkTarget\":\"_blank\"},{\"id\":\"186\",\"image\":\"https:\\\/\\\/www.lichtstark.ch\\\/wp-content\\\/flagallery\\\/architektur\\\/webview\\\/img_9591.jpg\",\"thumb\":\"https:\\\/\\\/www.lichtstark.ch\\\/wp-content\\\/flagallery\\\/architektur\\\/thumbs\\\/thumbs_img_9591.jpg\",\"title\":\"Kirche St. Theresia Rheineck SG\",\"alt\":\"Kirche St. Theresia Rheineck SG\",\"text\":\"<p>Frisch Renovierte Theresienkirche<br \\\/>\\nFoto: Lichtstark<\\\/p>\\n\",\"media\":\"\",\"link\":\"https:\\\/\\\/www.kath-rheineck.ch\",\"linkTarget\":\"_blank\"},{\"id\":\"182\",\"image\":\"https:\\\/\\\/www.lichtstark.ch\\\/wp-content\\\/flagallery\\\/architektur\\\/webview\\\/gross-7172.jpg\",\"thumb\":\"https:\\\/\\\/www.lichtstark.ch\\\/wp-content\\\/flagallery\\\/architektur\\\/thumbs\\\/thumbs_gross-7172.jpg\",\"title\":\"Kirche St. Theresia Rheineck SG\",\"alt\":\"Kirche St. Theresia Rheineck SG\",\"text\":\"<p>Frisch Renovierte Theresienkirche<br \\\/>\\nFoto: Lichtstark<\\\/p>\\n\",\"media\":\"\",\"link\":\"https:\\\/\\\/www.kath-rheineck.ch\",\"linkTarget\":\"_blank\"},{\"id\":\"181\",\"image\":\"https:\\\/\\\/www.lichtstark.ch\\\/wp-content\\\/flagallery\\\/architektur\\\/webview\\\/gross-7147-1.jpg\",\"thumb\":\"https:\\\/\\\/www.lichtstark.ch\\\/wp-content\\\/flagallery\\\/architektur\\\/thumbs\\\/thumbs_gross-7147-1.jpg\",\"title\":\"Kirche St. Theresia Rheineck SG\",\"alt\":\"Kirche St. Theresia Rheineck SG\",\"text\":\"<p>Frisch Renovierte Theresienkirche<br \\\/>\\nFoto: Lichtstark<\\\/p>\\n\",\"media\":\"\",\"link\":\"https:\\\/\\\/www.kath-rheineck.ch\",\"linkTarget\":\"_blank\"},{\"id\":\"187\",\"image\":\"https:\\\/\\\/www.lichtstark.ch\\\/wp-content\\\/flagallery\\\/architektur\\\/webview\\\/img_9734.jpg\",\"thumb\":\"https:\\\/\\\/www.lichtstark.ch\\\/wp-content\\\/flagallery\\\/architektur\\\/thumbs\\\/thumbs_img_9734.jpg\",\"title\":\"Kirche St. Theresia Rheineck SG\",\"alt\":\"Kirche St. Theresia Rheineck SG\",\"text\":\"<p>Frisch Renovierte Theresienkirche<br \\\/>\\nFoto: Lichtstark<\\\/p>\\n\",\"media\":\"\",\"link\":\"https:\\\/\\\/www.kath-rheineck.ch\",\"linkTarget\":\"_blank\"},{\"id\":\"188\",\"image\":\"https:\\\/\\\/www.lichtstark.ch\\\/wp-content\\\/flagallery\\\/architektur\\\/webview\\\/img_1577.jpg\",\"thumb\":\"https:\\\/\\\/www.lichtstark.ch\\\/wp-content\\\/flagallery\\\/architektur\\\/thumbs\\\/thumbs_img_1577.jpg\",\"title\":\"VILLA WIESENTAL\",\"alt\":\"VILLA WIESENTAL\",\"text\":\"<p>Renovierte R\\u00e4umlichkeiten Villa<br \\\/>\\nFoto: Lichtstark<\\\/p>\\n\",\"media\":\"\",\"link\":\"https:\\\/\\\/www.architectes.ch\\\/de\\\/reportages\\\/villa-wiesental-69187\",\"linkTarget\":\"_blank\"},{\"id\":\"184\",\"image\":\"https:\\\/\\\/www.lichtstark.ch\\\/wp-content\\\/flagallery\\\/architektur\\\/webview\\\/img_1596.jpg\",\"thumb\":\"https:\\\/\\\/www.lichtstark.ch\\\/wp-content\\\/flagallery\\\/architektur\\\/thumbs\\\/thumbs_img_1596.jpg\",\"title\":\"VILLA WIESENTAL\",\"alt\":\"VILLA WIESENTAL\",\"text\":\"<p>Renovierte R\\u00e4umlichkeiten Villa<br \\\/>\\nFoto: Lichtstark<\\\/p>\\n\",\"media\":\"\",\"link\":\"https:\\\/\\\/www.architectes.ch\\\/de\\\/reportages\\\/villa-wiesental-69187\",\"linkTarget\":\"_blank\"},{\"id\":\"183\",\"image\":\"https:\\\/\\\/www.lichtstark.ch\\\/wp-content\\\/flagallery\\\/architektur\\\/webview\\\/img_1593.jpg\",\"thumb\":\"https:\\\/\\\/www.lichtstark.ch\\\/wp-content\\\/flagallery\\\/architektur\\\/thumbs\\\/thumbs_img_1593.jpg\",\"title\":\"VILLA WIESENTAL\",\"alt\":\"VILLA WIESENTAL\",\"text\":\"<p>Renovierte R\\u00e4umlichkeiten Villa<br \\\/>\\nFoto: Lichtstark<\\\/p>\\n\",\"media\":\"\",\"link\":\"https:\\\/\\\/www.architectes.ch\\\/de\\\/reportages\\\/villa-wiesental-69187\",\"linkTarget\":\"_blank\"},{\"id\":\"150\",\"image\":\"https:\\\/\\\/www.lichtstark.ch\\\/wp-content\\\/flagallery\\\/architektur\\\/webview\\\/einkaufszentrum-01jpg.jpg\",\"thumb\":\"https:\\\/\\\/www.lichtstark.ch\\\/wp-content\\\/flagallery\\\/architektur\\\/thumbs\\\/thumbs_einkaufszentrum-01jpg.jpg\",\"title\":\"EINKAUFSZENTRUM NEUMARKT ST. GALLEN\",\"alt\":\"EINKAUFSZENTRUM NEUMARKT ST. GALLEN\",\"text\":\"<p>Fassadenhinterleuchtung\\\/Eingangsbeleuchtung<br \\\/>\\nFoto: lichtstark<\\\/p>\\n\",\"media\":\"\",\"link\":\"https:\\\/\\\/www.neumarkt.sg\\\/shops.html\",\"linkTarget\":\"_blank\"},{\"id\":\"151\",\"image\":\"https:\\\/\\\/www.lichtstark.ch\\\/wp-content\\\/flagallery\\\/architektur\\\/webview\\\/einkaufszentrum-02.jpg\",\"thumb\":\"https:\\\/\\\/www.lichtstark.ch\\\/wp-content\\\/flagallery\\\/architektur\\\/thumbs\\\/thumbs_einkaufszentrum-02.jpg\",\"title\":\"EINKAUFSZENTRUM NEUMARKT ST. GALLEN\",\"alt\":\"EINKAUFSZENTRUM NEUMARKT ST. GALLEN\",\"text\":\"<p>Mall 1. OG<br \\\/>\\nFoto: lichtstark<\\\/p>\\n\",\"media\":\"\",\"link\":\"https:\\\/\\\/www.neumarkt.sg\\\/shops.html\",\"linkTarget\":\"_blank\"},{\"id\":\"144\",\"image\":\"https:\\\/\\\/www.lichtstark.ch\\\/wp-content\\\/flagallery\\\/architektur\\\/webview\\\/bauernhaus-01.jpg\",\"thumb\":\"https:\\\/\\\/www.lichtstark.ch\\\/wp-content\\\/flagallery\\\/architektur\\\/thumbs\\\/thumbs_bauernhaus-01.jpg\",\"title\":\"UMGEBAUTES BAUERNHAUS IN AR\",\"alt\":\"UMGEBAUTES BAUERNHAUS IN AR\",\"text\":\"<p>Wohnzimmer mit indirekter Deckenbeleuchtung<br \\\/>\\nFoto: lichtstark<\\\/p>\\n\",\"media\":\"\",\"link\":\"\",\"linkTarget\":\"_self\"},{\"id\":\"146\",\"image\":\"https:\\\/\\\/www.lichtstark.ch\\\/wp-content\\\/flagallery\\\/architektur\\\/webview\\\/bauernhaus-03.jpg\",\"thumb\":\"https:\\\/\\\/www.lichtstark.ch\\\/wp-content\\\/flagallery\\\/architektur\\\/thumbs\\\/thumbs_bauernhaus-03.jpg\",\"title\":\"UMGEBAUTES BAUERNHAUS IN AR\",\"alt\":\"UMGEBAUTES BAUERNHAUS IN AR\",\"text\":\"<p>K\\u00fcche mit Bodenfenster zum Weinkeller<br \\\/>\\nFoto: lichtstark<\\\/p>\\n\",\"media\":\"\",\"link\":\"\",\"linkTarget\":\"_self\"},{\"id\":\"145\",\"image\":\"https:\\\/\\\/www.lichtstark.ch\\\/wp-content\\\/flagallery\\\/architektur\\\/webview\\\/bauernhaus-02.jpg\",\"thumb\":\"https:\\\/\\\/www.lichtstark.ch\\\/wp-content\\\/flagallery\\\/architektur\\\/thumbs\\\/thumbs_bauernhaus-02.jpg\",\"title\":\"UMGEBAUTES BAUERNHAUS IN AR\",\"alt\":\"UMGEBAUTES BAUERNHAUS IN AR\",\"text\":\"<p>Esszimmer mit Einzelpendelleuchten<br \\\/>\\nFoto: lichtstark<\\\/p>\\n\",\"media\":\"\",\"link\":\"\",\"linkTarget\":\"_self\"},{\"id\":\"147\",\"image\":\"https:\\\/\\\/www.lichtstark.ch\\\/wp-content\\\/flagallery\\\/architektur\\\/webview\\\/bauernhaus-04.jpg\",\"thumb\":\"https:\\\/\\\/www.lichtstark.ch\\\/wp-content\\\/flagallery\\\/architektur\\\/thumbs\\\/thumbs_bauernhaus-04.jpg\",\"title\":\"UMGEBAUTES BAUERNHAUS IN AR\",\"alt\":\"UMGEBAUTES BAUERNHAUS IN AR\",\"text\":\"<p>Mond im Luftraum Esszimmer<br \\\/>\\nFoto: lichtstark<\\\/p>\\n\",\"media\":\"\",\"link\":\"\",\"linkTarget\":\"_self\"},{\"id\":\"148\",\"image\":\"https:\\\/\\\/www.lichtstark.ch\\\/wp-content\\\/flagallery\\\/architektur\\\/webview\\\/bauernhaus-05.jpg\",\"thumb\":\"https:\\\/\\\/www.lichtstark.ch\\\/wp-content\\\/flagallery\\\/architektur\\\/thumbs\\\/thumbs_bauernhaus-05.jpg\",\"title\":\"UMGEBAUTES BAUERNHAUS IN AR\",\"alt\":\"UMGEBAUTES BAUERNHAUS IN AR\",\"text\":\"<p>Beleuchteter Holz-Handlauf<br \\\/>\\nFoto: lichtstark<\\\/p>\\n\",\"media\":\"\",\"link\":\"\",\"linkTarget\":\"_self\"},{\"id\":\"149\",\"image\":\"https:\\\/\\\/www.lichtstark.ch\\\/wp-content\\\/flagallery\\\/architektur\\\/webview\\\/bauernhaus-06.jpg\",\"thumb\":\"https:\\\/\\\/www.lichtstark.ch\\\/wp-content\\\/flagallery\\\/architektur\\\/thumbs\\\/thumbs_bauernhaus-06.jpg\",\"title\":\"UMGEBAUTES BAUERNHAUS IN AR\",\"alt\":\"UMGEBAUTES BAUERNHAUS IN AR\",\"text\":\"<p>Bodenfenster zu Weinkeller<br \\\/>\\nFoto: lichtstark<\\\/p>\\n\",\"media\":\"\",\"link\":\"\",\"linkTarget\":\"_self\"},{\"id\":\"158\",\"image\":\"https:\\\/\\\/www.lichtstark.ch\\\/wp-content\\\/flagallery\\\/architektur\\\/webview\\\/remise-01.jpg\",\"thumb\":\"https:\\\/\\\/www.lichtstark.ch\\\/wp-content\\\/flagallery\\\/architektur\\\/thumbs\\\/thumbs_remise-01.jpg\",\"title\":\"UMGEBAUTE REMISE ST. GALLEN\",\"alt\":\"UMGEBAUTE REMISE ST. GALLEN\",\"text\":\"<p>Einbau-Gipsleuchten im Treppenhaus<br \\\/>\\nFoto: lichtstark<\\\/p>\\n\",\"media\":\"\",\"link\":\"\",\"linkTarget\":\"_self\"},{\"id\":\"159\",\"image\":\"https:\\\/\\\/www.lichtstark.ch\\\/wp-content\\\/flagallery\\\/architektur\\\/webview\\\/remise-02.jpg\",\"thumb\":\"https:\\\/\\\/www.lichtstark.ch\\\/wp-content\\\/flagallery\\\/architektur\\\/thumbs\\\/thumbs_remise-02.jpg\",\"title\":\"UMGEBAUTE REMISE ST. GALLEN\",\"alt\":\"UMGEBAUTE REMISE ST. GALLEN\",\"text\":\"<p>Treppenhaus mit Pendelleuchte<br \\\/>\\nFoto: lichtstark<\\\/p>\\n\",\"media\":\"\",\"link\":\"\",\"linkTarget\":\"_self\"},{\"id\":\"163\",\"image\":\"https:\\\/\\\/www.lichtstark.ch\\\/wp-content\\\/flagallery\\\/architektur\\\/webview\\\/remise-03.jpg\",\"thumb\":\"https:\\\/\\\/www.lichtstark.ch\\\/wp-content\\\/flagallery\\\/architektur\\\/thumbs\\\/thumbs_remise-03.jpg\",\"title\":\"UMGEBAUTE REMISE ST. GALLEN\",\"alt\":\"UMGEBAUTE REMISE ST. GALLEN\",\"text\":\"<p>Einbau-Gipsleuchten im Treppenhaus<br \\\/>\\nFoto: lichtstark<\\\/p>\\n\",\"media\":\"\",\"link\":\"\",\"linkTarget\":\"_self\"},{\"id\":\"161\",\"image\":\"https:\\\/\\\/www.lichtstark.ch\\\/wp-content\\\/flagallery\\\/architektur\\\/webview\\\/remise-05.jpg\",\"thumb\":\"https:\\\/\\\/www.lichtstark.ch\\\/wp-content\\\/flagallery\\\/architektur\\\/thumbs\\\/thumbs_remise-05.jpg\",\"title\":\"UMGEBAUTE REMISE ST. GALLEN\",\"alt\":\"UMGEBAUTE REMISE ST. GALLEN\",\"text\":\"<p>Pendelleuchte im Verbindungsraum<br \\\/>\\nFoto: lichtstark<\\\/p>\\n\",\"media\":\"\",\"link\":\"\",\"linkTarget\":\"_self\"},{\"id\":\"162\",\"image\":\"https:\\\/\\\/www.lichtstark.ch\\\/wp-content\\\/flagallery\\\/architektur\\\/webview\\\/remise-06.jpg\",\"thumb\":\"https:\\\/\\\/www.lichtstark.ch\\\/wp-content\\\/flagallery\\\/architektur\\\/thumbs\\\/thumbs_remise-06.jpg\",\"title\":\"UMGEBAUTE REMISE ST. GALLEN\",\"alt\":\"UMGEBAUTE REMISE ST. GALLEN\",\"text\":\"<p>Gaubenbeleuchtung im Bad<br \\\/>\\nFoto: lichtstark<\\\/p>\\n\",\"media\":\"\",\"link\":\"\",\"linkTarget\":\"_self\"},{\"id\":\"71\",\"image\":\"https:\\\/\\\/www.lichtstark.ch\\\/wp-content\\\/flagallery\\\/architektur\\\/webview\\\/gewerbe-03.jpg\",\"thumb\":\"https:\\\/\\\/www.lichtstark.ch\\\/wp-content\\\/flagallery\\\/architektur\\\/thumbs\\\/thumbs_gewerbe-03.jpg\",\"title\":\"ARZTPRAXIS IM KT. APPENZELL\",\"alt\":\"ARZTPRAXIS IM KT. APPENZELL\",\"text\":\"<p>Indirekte LED-Deckenbeleuchtung ab Wandprofil<br \\\/>\\nFoto: lichtstark<\\\/p>\\n\",\"media\":\"\",\"link\":\"\",\"linkTarget\":\"_self\"},{\"id\":\"138\",\"image\":\"https:\\\/\\\/www.lichtstark.ch\\\/wp-content\\\/flagallery\\\/architektur\\\/webview\\\/kassenbereich-13.jpg\",\"thumb\":\"https:\\\/\\\/www.lichtstark.ch\\\/wp-content\\\/flagallery\\\/architektur\\\/thumbs\\\/thumbs_kassenbereich-13.jpg\",\"title\":\"S\\u00c4NTISPARK B\\u00c4DERKASSE\",\"alt\":\"S\\u00c4NTISPARK B\\u00c4DERKASSE\",\"text\":\"<p>Deckenbeleuchtung mit RGB-Streifen<br \\\/>\\nFoto: RLC<\\\/p>\\n\",\"media\":\"\",\"link\":\"https:\\\/\\\/saentispark-freizeit.ch\\\/baeder\",\"linkTarget\":\"_blank\"},{\"id\":\"103\",\"image\":\"https:\\\/\\\/www.lichtstark.ch\\\/wp-content\\\/flagallery\\\/architektur\\\/webview\\\/treppe-12.jpg\",\"thumb\":\"https:\\\/\\\/www.lichtstark.ch\\\/wp-content\\\/flagallery\\\/architektur\\\/thumbs\\\/thumbs_treppe-12.jpg\",\"title\":\"LOFT IN BAAR\",\"alt\":\"LOFT IN BAAR\",\"text\":\"<p>Treppenbeleuchtung mit LED-Streifen in Stufen<br \\\/>\\nFoto: lichtstark<\\\/p>\\n\",\"media\":\"\",\"link\":\"\",\"linkTarget\":\"_self\"}]; jQuery('#FlaGallery_sc3_15 .flagPhotoBox_Container').photobox('a', data); }); <\/script><\/div><\/div><noscript id=\"noscript_FlaGallery_sc3_15\"><a href=\"https:\/\/www.kath-rheineck.ch\"><img class=\"skip-lazy no-lazyload noLazy\" data-lazy-src=\"\" src =\"https:\/\/www.lichtstark.ch\/wp-content\/flagallery\/architektur\/img_9581.jpg\" alt=\"Kirche St. Theresia Rheineck SG\" \/><\/a><a href=\"https:\/\/www.kath-rheineck.ch\"><img class=\"skip-lazy no-lazyload noLazy\" data-lazy-src=\"\" src =\"https:\/\/www.lichtstark.ch\/wp-content\/flagallery\/architektur\/img_9591.jpg\" alt=\"Kirche St. Theresia Rheineck SG\" \/><\/a><a href=\"https:\/\/www.kath-rheineck.ch\"><img class=\"skip-lazy no-lazyload noLazy\" data-lazy-src=\"\" src =\"https:\/\/www.lichtstark.ch\/wp-content\/flagallery\/architektur\/gross-7172.jpg\" alt=\"Kirche St. Theresia Rheineck SG\" \/><\/a><a href=\"https:\/\/www.kath-rheineck.ch\"><img class=\"skip-lazy no-lazyload noLazy\" data-lazy-src=\"\" src =\"https:\/\/www.lichtstark.ch\/wp-content\/flagallery\/architektur\/gross-7147-1.jpg\" alt=\"Kirche St. Theresia Rheineck SG\" \/><\/a><a href=\"https:\/\/www.kath-rheineck.ch\"><img class=\"skip-lazy no-lazyload noLazy\" data-lazy-src=\"\" src =\"https:\/\/www.lichtstark.ch\/wp-content\/flagallery\/architektur\/img_9734.jpg\" alt=\"Kirche St. Theresia Rheineck SG\" \/><\/a><a href=\"https:\/\/www.architectes.ch\/de\/reportages\/villa-wiesental-69187\"><img class=\"skip-lazy no-lazyload noLazy\" data-lazy-src=\"\" src =\"https:\/\/www.lichtstark.ch\/wp-content\/flagallery\/architektur\/img_1577.jpg\" alt=\"VILLA WIESENTAL\" \/><\/a><a href=\"https:\/\/www.architectes.ch\/de\/reportages\/villa-wiesental-69187\"><img class=\"skip-lazy no-lazyload noLazy\" data-lazy-src=\"\" src =\"https:\/\/www.lichtstark.ch\/wp-content\/flagallery\/architektur\/img_1596.jpg\" alt=\"VILLA WIESENTAL\" \/><\/a><a href=\"https:\/\/www.architectes.ch\/de\/reportages\/villa-wiesental-69187\"><img class=\"skip-lazy no-lazyload noLazy\" data-lazy-src=\"\" src =\"https:\/\/www.lichtstark.ch\/wp-content\/flagallery\/architektur\/img_1593.jpg\" alt=\"VILLA WIESENTAL\" \/><\/a><a href=\"https:\/\/www.neumarkt.sg\/shops.html\"><img class=\"skip-lazy no-lazyload noLazy\" data-lazy-src=\"\" src =\"https:\/\/www.lichtstark.ch\/wp-content\/flagallery\/architektur\/einkaufszentrum-01jpg.jpg\" alt=\"EINKAUFSZENTRUM NEUMARKT ST. GALLEN\" \/><\/a><a href=\"https:\/\/www.neumarkt.sg\/shops.html\"><img class=\"skip-lazy no-lazyload noLazy\" data-lazy-src=\"\" src =\"https:\/\/www.lichtstark.ch\/wp-content\/flagallery\/architektur\/einkaufszentrum-02.jpg\" alt=\"EINKAUFSZENTRUM NEUMARKT ST. GALLEN\" \/><\/a><img class=\"skip-lazy no-lazyload noLazy\" data-lazy-src=\"\" src =\"https:\/\/www.lichtstark.ch\/wp-content\/flagallery\/architektur\/bauernhaus-01.jpg\" alt=\"UMGEBAUTES BAUERNHAUS IN AR\" \/><img class=\"skip-lazy no-lazyload noLazy\" data-lazy-src=\"\" src =\"https:\/\/www.lichtstark.ch\/wp-content\/flagallery\/architektur\/bauernhaus-03.jpg\" alt=\"UMGEBAUTES BAUERNHAUS IN AR\" \/><img class=\"skip-lazy no-lazyload noLazy\" data-lazy-src=\"\" src =\"https:\/\/www.lichtstark.ch\/wp-content\/flagallery\/architektur\/bauernhaus-02.jpg\" alt=\"UMGEBAUTES BAUERNHAUS IN AR\" \/><img class=\"skip-lazy no-lazyload noLazy\" data-lazy-src=\"\" src =\"https:\/\/www.lichtstark.ch\/wp-content\/flagallery\/architektur\/bauernhaus-04.jpg\" alt=\"UMGEBAUTES BAUERNHAUS IN AR\" \/><img class=\"skip-lazy no-lazyload noLazy\" data-lazy-src=\"\" src =\"https:\/\/www.lichtstark.ch\/wp-content\/flagallery\/architektur\/bauernhaus-05.jpg\" alt=\"UMGEBAUTES BAUERNHAUS IN AR\" \/><img class=\"skip-lazy no-lazyload noLazy\" data-lazy-src=\"\" src =\"https:\/\/www.lichtstark.ch\/wp-content\/flagallery\/architektur\/bauernhaus-06.jpg\" alt=\"UMGEBAUTES BAUERNHAUS IN AR\" \/><img class=\"skip-lazy no-lazyload noLazy\" data-lazy-src=\"\" src =\"https:\/\/www.lichtstark.ch\/wp-content\/flagallery\/architektur\/remise-01.jpg\" alt=\"UMGEBAUTE REMISE ST. GALLEN\" \/><img class=\"skip-lazy no-lazyload noLazy\" data-lazy-src=\"\" src =\"https:\/\/www.lichtstark.ch\/wp-content\/flagallery\/architektur\/remise-02.jpg\" alt=\"UMGEBAUTE REMISE ST. GALLEN\" \/><img class=\"skip-lazy no-lazyload noLazy\" data-lazy-src=\"\" src =\"https:\/\/www.lichtstark.ch\/wp-content\/flagallery\/architektur\/remise-03.jpg\" alt=\"UMGEBAUTE REMISE ST. GALLEN\" \/><img class=\"skip-lazy no-lazyload noLazy\" data-lazy-src=\"\" src =\"https:\/\/www.lichtstark.ch\/wp-content\/flagallery\/architektur\/remise-05.jpg\" alt=\"UMGEBAUTE REMISE ST. GALLEN\" \/><img class=\"skip-lazy no-lazyload noLazy\" data-lazy-src=\"\" src =\"https:\/\/www.lichtstark.ch\/wp-content\/flagallery\/architektur\/remise-06.jpg\" alt=\"UMGEBAUTE REMISE ST. GALLEN\" \/><img class=\"skip-lazy no-lazyload noLazy\" data-lazy-src=\"\" src =\"https:\/\/www.lichtstark.ch\/wp-content\/flagallery\/architektur\/gewerbe-03.jpg\" alt=\"ARZTPRAXIS IM KT. APPENZELL\" \/><a href=\"https:\/\/saentispark-freizeit.ch\/baeder\"><img class=\"skip-lazy no-lazyload noLazy\" data-lazy-src=\"\" src =\"https:\/\/www.lichtstark.ch\/wp-content\/flagallery\/architektur\/kassenbereich-13.jpg\" alt=\"S\u00c4NTISPARK B\u00c4DERKASSE\" \/><\/a><img class=\"skip-lazy no-lazyload noLazy\" data-lazy-src=\"\" src =\"https:\/\/www.lichtstark.ch\/wp-content\/flagallery\/architektur\/treppe-12.jpg\" alt=\"LOFT IN BAAR\" \/><\/noscript>\n[\/vc_column_text][\/vc_column_inner][vc_column_inner width=&#8221;1\/2&#8243;][vc_column_text disable_pattern=&#8221;false&#8221; align=&#8221;center&#8221; css=&#8221;.vc_custom_1509118297399{margin-bottom: 0px !important;}&#8221;]\n<p style=\"text-align: left;\"><span style=\"color: #a1a1a1;\"><span style=\"color: #f36f21;\">ESPACE M\u00c9DIA<br \/>\n<\/span>Chaque espace peut \u00eatre transform\u00e9 en un lieu enchant\u00e9, de jour, comme de nuit, au moyen de certains \u00e9l\u00e9ments d\u2019\u00e9clairage. Nous planifions et r\u00e9alisons aussi des spectacles et \u00e9v\u00e8nements de grande envergure. Par exemple, nous proposons de larges mises en sc\u00e8ne avec diverses ampoules LED, et un mapping de projection r\u00e9alis\u00e9 de mani\u00e8re artistique.\u00a0<\/span><div class=\"flagallery photobox_skin\" id=\"FlaGallery_sc4_19\" ><div class=\"flagPhotoBox_Container\"> <script type=\"text\/javascript\"> jQuery(function(){ var data = {\"thumbwidth\":\"120\",\"thumbheight\":\"90\",\"thumbsvpad\":\"15\",\"thumbshpad\":\"0\",\"history\":\"0\",\"time\":\"8000\",\"autoplay\":\"1\",\"loop\":\"1\",\"thumbs\":\"0\",\"title\":\"1\",\"counter\":\"0\",\"caption\":\"1\",\"zoomable\":\"1\",\"hideFlash\":\"1\",\"key\":\"e65e91588f73a7e3862c8710243595dd\",\"name\":\"GRANDPack\",\"ID\":\"sc4_19\"}; data.content = [{\"id\":\"208\",\"image\":\"https:\\\/\\\/www.lichtstark.ch\\\/wp-content\\\/flagallery\\\/medienraum\\\/webview\\\/lichtstark_biber_foto_23.jpg\",\"thumb\":\"https:\\\/\\\/www.lichtstark.ch\\\/wp-content\\\/flagallery\\\/medienraum\\\/thumbs\\\/thumbs_lichtstark_biber_foto_23.jpg\",\"title\":\"Bischofberger AG Biber- und Nuss-Spezialit\\u00e4ten\",\"alt\":\"Bischofberger AG Biber- und Nuss-Spezialit\\u00e4ten\",\"text\":\"\",\"media\":\"\",\"link\":\"https:\\\/\\\/www.baerli-biber.ch\",\"linkTarget\":\"_blank\"},{\"id\":\"204\",\"image\":\"https:\\\/\\\/www.lichtstark.ch\\\/wp-content\\\/flagallery\\\/medienraum\\\/webview\\\/lichtstark_biber_foto_15.jpg\",\"thumb\":\"https:\\\/\\\/www.lichtstark.ch\\\/wp-content\\\/flagallery\\\/medienraum\\\/thumbs\\\/thumbs_lichtstark_biber_foto_15.jpg\",\"title\":\"Bischofberger AG Biber- und Nuss-Spezialit\\u00e4ten\",\"alt\":\"Bischofberger AG Biber- und Nuss-Spezialit\\u00e4ten\",\"text\":\"\",\"media\":\"\",\"link\":\"https:\\\/\\\/www.baerli-biber.ch\",\"linkTarget\":\"_blank\"},{\"id\":\"207\",\"image\":\"https:\\\/\\\/www.lichtstark.ch\\\/wp-content\\\/flagallery\\\/medienraum\\\/webview\\\/lichtstark_biber_foto_21.jpg\",\"thumb\":\"https:\\\/\\\/www.lichtstark.ch\\\/wp-content\\\/flagallery\\\/medienraum\\\/thumbs\\\/thumbs_lichtstark_biber_foto_21.jpg\",\"title\":\"Bischofberger AG Biber- und Nuss-Spezialit\\u00e4ten\",\"alt\":\"Bischofberger AG Biber- und Nuss-Spezialit\\u00e4ten\",\"text\":\"\",\"media\":\"\",\"link\":\"https:\\\/\\\/www.baerli-biber.ch\",\"linkTarget\":\"_blank\"},{\"id\":\"206\",\"image\":\"https:\\\/\\\/www.lichtstark.ch\\\/wp-content\\\/flagallery\\\/medienraum\\\/webview\\\/lichtstark_biber_foto_20.jpg\",\"thumb\":\"https:\\\/\\\/www.lichtstark.ch\\\/wp-content\\\/flagallery\\\/medienraum\\\/thumbs\\\/thumbs_lichtstark_biber_foto_20.jpg\",\"title\":\"Bischofberger AG Biber- und Nuss-Spezialit\\u00e4ten\",\"alt\":\"Bischofberger AG Biber- und Nuss-Spezialit\\u00e4ten\",\"text\":\"\",\"media\":\"\",\"link\":\"https:\\\/\\\/www.baerli-biber.ch\",\"linkTarget\":\"_blank\"},{\"id\":\"205\",\"image\":\"https:\\\/\\\/www.lichtstark.ch\\\/wp-content\\\/flagallery\\\/medienraum\\\/webview\\\/lichtstark_biber_foto_17.jpg\",\"thumb\":\"https:\\\/\\\/www.lichtstark.ch\\\/wp-content\\\/flagallery\\\/medienraum\\\/thumbs\\\/thumbs_lichtstark_biber_foto_17.jpg\",\"title\":\"Bischofberger AG Biber- und Nuss-Spezialit\\u00e4ten\",\"alt\":\"Bischofberger AG Biber- und Nuss-Spezialit\\u00e4ten\",\"text\":\"\",\"media\":\"\",\"link\":\"https:\\\/\\\/www.baerli-biber.ch\",\"linkTarget\":\"_blank\"},{\"id\":\"203\",\"image\":\"https:\\\/\\\/www.lichtstark.ch\\\/wp-content\\\/flagallery\\\/medienraum\\\/webview\\\/img_9786.jpg\",\"thumb\":\"https:\\\/\\\/www.lichtstark.ch\\\/wp-content\\\/flagallery\\\/medienraum\\\/thumbs\\\/thumbs_img_9786.jpg\",\"title\":\"Katholische Kirche St. Theresia\",\"alt\":\"Katholische Kirche St. Theresia\",\"text\":\"<p>Frisch Renovierte Theresienkirche in Rheineck SG<\\\/p>\\n\",\"media\":\"\",\"link\":\"https:\\\/\\\/www.kath-rheineck.ch\",\"linkTarget\":\"_blank\"},{\"id\":\"202\",\"image\":\"https:\\\/\\\/www.lichtstark.ch\\\/wp-content\\\/flagallery\\\/medienraum\\\/webview\\\/img_9783.jpg\",\"thumb\":\"https:\\\/\\\/www.lichtstark.ch\\\/wp-content\\\/flagallery\\\/medienraum\\\/thumbs\\\/thumbs_img_9783.jpg\",\"title\":\"Katholische Kirche St. Theresia\",\"alt\":\"Katholische Kirche St. Theresia\",\"text\":\"<p>Frisch Renovierte Theresienkirche in Rheineck SG<\\\/p>\\n\",\"media\":\"\",\"link\":\"https:\\\/\\\/www.kath-rheineck.ch\",\"linkTarget\":\"_blank\"},{\"id\":\"197\",\"image\":\"https:\\\/\\\/www.lichtstark.ch\\\/wp-content\\\/flagallery\\\/medienraum\\\/webview\\\/img_9600.jpg\",\"thumb\":\"https:\\\/\\\/www.lichtstark.ch\\\/wp-content\\\/flagallery\\\/medienraum\\\/thumbs\\\/thumbs_img_9600.jpg\",\"title\":\"Katholische Kirche St. Theresia\",\"alt\":\"Katholische Kirche St. Theresia\",\"text\":\"<p>Frisch Renovierte Theresienkirche in Rheineck SG<\\\/p>\\n\",\"media\":\"\",\"link\":\"https:\\\/\\\/www.kath-rheineck.ch\",\"linkTarget\":\"_blank\"},{\"id\":\"201\",\"image\":\"https:\\\/\\\/www.lichtstark.ch\\\/wp-content\\\/flagallery\\\/medienraum\\\/webview\\\/img_9782.jpg\",\"thumb\":\"https:\\\/\\\/www.lichtstark.ch\\\/wp-content\\\/flagallery\\\/medienraum\\\/thumbs\\\/thumbs_img_9782.jpg\",\"title\":\"Katholische Kirche St. Theresia\",\"alt\":\"Katholische Kirche St. Theresia\",\"text\":\"<p>Frisch Renovierte Theresienkirche in Rheineck SG<\\\/p>\\n\",\"media\":\"\",\"link\":\"https:\\\/\\\/www.kath-rheineck.ch\",\"linkTarget\":\"_blank\"},{\"id\":\"200\",\"image\":\"https:\\\/\\\/www.lichtstark.ch\\\/wp-content\\\/flagallery\\\/medienraum\\\/webview\\\/img_9772.jpg\",\"thumb\":\"https:\\\/\\\/www.lichtstark.ch\\\/wp-content\\\/flagallery\\\/medienraum\\\/thumbs\\\/thumbs_img_9772.jpg\",\"title\":\"Katholische Kirche St. Theresia\",\"alt\":\"Katholische Kirche St. Theresia\",\"text\":\"<p>Frisch Renovierte Theresienkirche in Rheineck SG<\\\/p>\\n\",\"media\":\"\",\"link\":\"https:\\\/\\\/www.kath-rheineck.ch\",\"linkTarget\":\"_blank\"},{\"id\":\"199\",\"image\":\"https:\\\/\\\/www.lichtstark.ch\\\/wp-content\\\/flagallery\\\/medienraum\\\/webview\\\/img_9767.jpg\",\"thumb\":\"https:\\\/\\\/www.lichtstark.ch\\\/wp-content\\\/flagallery\\\/medienraum\\\/thumbs\\\/thumbs_img_9767.jpg\",\"title\":\"Katholische Kirche St. Theresia\",\"alt\":\"Katholische Kirche St. Theresia\",\"text\":\"<p>Frisch Renovierte Theresienkirche in Rheineck SG<\\\/p>\\n\",\"media\":\"\",\"link\":\"https:\\\/\\\/www.kath-rheineck.ch\",\"linkTarget\":\"_blank\"},{\"id\":\"198\",\"image\":\"https:\\\/\\\/www.lichtstark.ch\\\/wp-content\\\/flagallery\\\/medienraum\\\/webview\\\/img_9751.jpg\",\"thumb\":\"https:\\\/\\\/www.lichtstark.ch\\\/wp-content\\\/flagallery\\\/medienraum\\\/thumbs\\\/thumbs_img_9751.jpg\",\"title\":\"Katholische Kirche St. Theresia\",\"alt\":\"Katholische Kirche St. Theresia\",\"text\":\"<p>Frisch Renovierte Theresienkirche in Rheineck SG<\\\/p>\\n\",\"media\":\"\",\"link\":\"https:\\\/\\\/www.kath-rheineck.ch\",\"linkTarget\":\"_blank\"},{\"id\":\"196\",\"image\":\"https:\\\/\\\/www.lichtstark.ch\\\/wp-content\\\/flagallery\\\/medienraum\\\/webview\\\/gross-7176.jpg\",\"thumb\":\"https:\\\/\\\/www.lichtstark.ch\\\/wp-content\\\/flagallery\\\/medienraum\\\/thumbs\\\/thumbs_gross-7176.jpg\",\"title\":\"Katholische Kirche St. Theresia\",\"alt\":\"Katholische Kirche St. Theresia\",\"text\":\"<p>Frisch Renovierte Theresienkirche in Rheineck SG<\\\/p>\\n\",\"media\":\"\",\"link\":\"https:\\\/\\\/www.kath-rheineck.ch\",\"linkTarget\":\"_blank\"},{\"id\":\"195\",\"image\":\"https:\\\/\\\/www.lichtstark.ch\\\/wp-content\\\/flagallery\\\/medienraum\\\/webview\\\/gross-7162.jpg\",\"thumb\":\"https:\\\/\\\/www.lichtstark.ch\\\/wp-content\\\/flagallery\\\/medienraum\\\/thumbs\\\/thumbs_gross-7162.jpg\",\"title\":\"Katholische Kirche St. Theresia\",\"alt\":\"Katholische Kirche St. Theresia\",\"text\":\"<p>Frisch Renovierte Theresienkirche in Rheineck SG<\\\/p>\\n\",\"media\":\"\",\"link\":\"https:\\\/\\\/www.kath-rheineck.ch\",\"linkTarget\":\"_blank\"},{\"id\":\"194\",\"image\":\"https:\\\/\\\/www.lichtstark.ch\\\/wp-content\\\/flagallery\\\/medienraum\\\/webview\\\/dsc_0083.jpg\",\"thumb\":\"https:\\\/\\\/www.lichtstark.ch\\\/wp-content\\\/flagallery\\\/medienraum\\\/thumbs\\\/thumbs_dsc_0083.jpg\",\"title\":\"VISUAL FANTASTIX APPENZELL\",\"alt\":\"VISUAL FANTASTIX APPENZELL\",\"text\":\"<p>Inszenierter Medienraum Appenzell<br \\\/>\\nFoto: Lichtstark<\\\/p>\\n\",\"media\":\"\",\"link\":\"https:\\\/\\\/v-f.ch\",\"linkTarget\":\"_blank\"},{\"id\":\"193\",\"image\":\"https:\\\/\\\/www.lichtstark.ch\\\/wp-content\\\/flagallery\\\/medienraum\\\/webview\\\/dsc_0056.jpg\",\"thumb\":\"https:\\\/\\\/www.lichtstark.ch\\\/wp-content\\\/flagallery\\\/medienraum\\\/thumbs\\\/thumbs_dsc_0056.jpg\",\"title\":\"VISUAL FANTASTIX APPENZELL\",\"alt\":\"VISUAL FANTASTIX APPENZELL\",\"text\":\"<p>Inszenierter Medienraum Appenzell<br \\\/>\\nFoto: Lichtstark<\\\/p>\\n\",\"media\":\"\",\"link\":\"https:\\\/\\\/v-f.ch\",\"linkTarget\":\"_blank\"},{\"id\":\"192\",\"image\":\"https:\\\/\\\/www.lichtstark.ch\\\/wp-content\\\/flagallery\\\/medienraum\\\/webview\\\/dsc_0048.jpg\",\"thumb\":\"https:\\\/\\\/www.lichtstark.ch\\\/wp-content\\\/flagallery\\\/medienraum\\\/thumbs\\\/thumbs_dsc_0048.jpg\",\"title\":\"VISUAL FANTASTIX APPENZELL\",\"alt\":\"VISUAL FANTASTIX APPENZELL\",\"text\":\"<p>Inszenierter Medienraum Appenzell<br \\\/>\\nFoto: Lichtstark<\\\/p>\\n\",\"media\":\"\",\"link\":\"https:\\\/\\\/v-f.ch\",\"linkTarget\":\"_blank\"},{\"id\":\"191\",\"image\":\"https:\\\/\\\/www.lichtstark.ch\\\/wp-content\\\/flagallery\\\/medienraum\\\/webview\\\/dsc_0019.jpg\",\"thumb\":\"https:\\\/\\\/www.lichtstark.ch\\\/wp-content\\\/flagallery\\\/medienraum\\\/thumbs\\\/thumbs_dsc_0019.jpg\",\"title\":\"VISUAL FANTASTIX APPENZELL\",\"alt\":\"VISUAL FANTASTIX APPENZELL\",\"text\":\"<p>Inszenierter Medienraum Appenzell<br \\\/>\\nFoto: Lichtstark<\\\/p>\\n\",\"media\":\"\",\"link\":\"https:\\\/\\\/v-f.ch\",\"linkTarget\":\"_blank\"},{\"id\":\"190\",\"image\":\"https:\\\/\\\/www.lichtstark.ch\\\/wp-content\\\/flagallery\\\/medienraum\\\/webview\\\/dsc_0005.jpg\",\"thumb\":\"https:\\\/\\\/www.lichtstark.ch\\\/wp-content\\\/flagallery\\\/medienraum\\\/thumbs\\\/thumbs_dsc_0005.jpg\",\"title\":\"VISUAL FANTASTIX APPENZELL\",\"alt\":\"VISUAL FANTASTIX APPENZELL\",\"text\":\"<p>Inszenierter Medienraum Appenzell<br \\\/>\\nFoto: Lichtstark<\\\/p>\\n\",\"media\":\"\",\"link\":\"https:\\\/\\\/v-f.ch\",\"linkTarget\":\"_blank\"},{\"id\":\"189\",\"image\":\"https:\\\/\\\/www.lichtstark.ch\\\/wp-content\\\/flagallery\\\/medienraum\\\/webview\\\/dsc_0001.jpg\",\"thumb\":\"https:\\\/\\\/www.lichtstark.ch\\\/wp-content\\\/flagallery\\\/medienraum\\\/thumbs\\\/thumbs_dsc_0001.jpg\",\"title\":\"VISUAL FANTASTIX APPENZELL\",\"alt\":\"VISUAL FANTASTIX APPENZELL\",\"text\":\"<p>Inszenierter Medienraum Appenzell<br \\\/>\\nFoto: Lichtstark<\\\/p>\\n\",\"media\":\"\",\"link\":\"https:\\\/\\\/v-f.ch\",\"linkTarget\":\"_blank\"},{\"id\":\"112\",\"image\":\"https:\\\/\\\/www.lichtstark.ch\\\/wp-content\\\/flagallery\\\/medienraum\\\/webview\\\/bowling-09.jpg\",\"thumb\":\"https:\\\/\\\/www.lichtstark.ch\\\/wp-content\\\/flagallery\\\/medienraum\\\/thumbs\\\/thumbs_bowling-09.jpg\",\"title\":\"S\\u00c4NTISPARK BOWLING\",\"alt\":\"S\\u00c4NTISPARK BOWLING\",\"text\":\"<p>Bowlinganlage mit bespieltem Mesh-Screen 18 x 1.2m<br \\\/>\\nFoto: lichtstark<\\\/p>\\n\",\"media\":\"\",\"link\":\"https:\\\/\\\/saentispark-freizeit.ch\\\/sport-spiel\\\/\",\"linkTarget\":\"_blank\"},{\"id\":\"137\",\"image\":\"https:\\\/\\\/www.lichtstark.ch\\\/wp-content\\\/flagallery\\\/medienraum\\\/webview\\\/bowling-16.jpg\",\"thumb\":\"https:\\\/\\\/www.lichtstark.ch\\\/wp-content\\\/flagallery\\\/medienraum\\\/thumbs\\\/thumbs_bowling-16.jpg\",\"title\":\"S\\u00c4NTISPARK BOWLING\",\"alt\":\"S\\u00c4NTISPARK BOWLING\",\"text\":\"<p>Bowlinganlage mit bespieltem Mesh-Screen 18 x 1.2m<br \\\/>\\nFoto: RLC<\\\/p>\\n\",\"media\":\"\",\"link\":\"https:\\\/\\\/saentispark-freizeit.ch\\\/sport-spiel\\\/\",\"linkTarget\":\"_blank\"},{\"id\":\"133\",\"image\":\"https:\\\/\\\/www.lichtstark.ch\\\/wp-content\\\/flagallery\\\/medienraum\\\/webview\\\/bowling-12.jpg\",\"thumb\":\"https:\\\/\\\/www.lichtstark.ch\\\/wp-content\\\/flagallery\\\/medienraum\\\/thumbs\\\/thumbs_bowling-12.jpg\",\"title\":\"S\\u00c4NTISPARK BOWLING\",\"alt\":\"S\\u00c4NTISPARK BOWLING\",\"text\":\"<p>Bowlinganlage mit bespieltem Mesh-Screen 18 x 1.2m<br \\\/>\\nFoto: RLC<\\\/p>\\n\",\"media\":\"\",\"link\":\"https:\\\/\\\/saentispark-freizeit.ch\\\/sport-spiel\\\/\",\"linkTarget\":\"_blank\"},{\"id\":\"135\",\"image\":\"https:\\\/\\\/www.lichtstark.ch\\\/wp-content\\\/flagallery\\\/medienraum\\\/webview\\\/bowling-14.jpg\",\"thumb\":\"https:\\\/\\\/www.lichtstark.ch\\\/wp-content\\\/flagallery\\\/medienraum\\\/thumbs\\\/thumbs_bowling-14.jpg\",\"title\":\"S\\u00c4NTISPARK BOWLING\",\"alt\":\"S\\u00c4NTISPARK BOWLING\",\"text\":\"<p>Bowlinganlage mit bespieltem Mesh-Screen 18 x 1.2m<br \\\/>\\nFoto: RLC<\\\/p>\\n\",\"media\":\"\",\"link\":\"https:\\\/\\\/saentispark-freizeit.ch\\\/sport-spiel\\\/\",\"linkTarget\":\"_blank\"}]; jQuery('#FlaGallery_sc4_19 .flagPhotoBox_Container').photobox('a', data); }); <\/script><\/div><\/div><noscript id=\"noscript_FlaGallery_sc4_19\"><a href=\"https:\/\/www.baerli-biber.ch\"><img class=\"skip-lazy no-lazyload noLazy\" data-lazy-src=\"\" src =\"https:\/\/www.lichtstark.ch\/wp-content\/flagallery\/medienraum\/lichtstark_biber_foto_23.jpg\" alt=\"Bischofberger AG Biber- und Nuss-Spezialit\u00e4ten\" \/><\/a><a href=\"https:\/\/www.baerli-biber.ch\"><img class=\"skip-lazy no-lazyload noLazy\" data-lazy-src=\"\" src =\"https:\/\/www.lichtstark.ch\/wp-content\/flagallery\/medienraum\/lichtstark_biber_foto_15.jpg\" alt=\"Bischofberger AG Biber- und Nuss-Spezialit\u00e4ten\" \/><\/a><a href=\"https:\/\/www.baerli-biber.ch\"><img class=\"skip-lazy no-lazyload noLazy\" data-lazy-src=\"\" src =\"https:\/\/www.lichtstark.ch\/wp-content\/flagallery\/medienraum\/lichtstark_biber_foto_21.jpg\" alt=\"Bischofberger AG Biber- und Nuss-Spezialit\u00e4ten\" \/><\/a><a href=\"https:\/\/www.baerli-biber.ch\"><img class=\"skip-lazy no-lazyload noLazy\" data-lazy-src=\"\" src =\"https:\/\/www.lichtstark.ch\/wp-content\/flagallery\/medienraum\/lichtstark_biber_foto_20.jpg\" alt=\"Bischofberger AG Biber- und Nuss-Spezialit\u00e4ten\" \/><\/a><a href=\"https:\/\/www.baerli-biber.ch\"><img class=\"skip-lazy no-lazyload noLazy\" data-lazy-src=\"\" src =\"https:\/\/www.lichtstark.ch\/wp-content\/flagallery\/medienraum\/lichtstark_biber_foto_17.jpg\" alt=\"Bischofberger AG Biber- und Nuss-Spezialit\u00e4ten\" \/><\/a><a href=\"https:\/\/www.kath-rheineck.ch\"><img class=\"skip-lazy no-lazyload noLazy\" data-lazy-src=\"\" src =\"https:\/\/www.lichtstark.ch\/wp-content\/flagallery\/medienraum\/img_9786.jpg\" alt=\"Katholische Kirche St. Theresia\" \/><\/a><a href=\"https:\/\/www.kath-rheineck.ch\"><img class=\"skip-lazy no-lazyload noLazy\" data-lazy-src=\"\" src =\"https:\/\/www.lichtstark.ch\/wp-content\/flagallery\/medienraum\/img_9783.jpg\" alt=\"Katholische Kirche St. Theresia\" \/><\/a><a href=\"https:\/\/www.kath-rheineck.ch\"><img class=\"skip-lazy no-lazyload noLazy\" data-lazy-src=\"\" src =\"https:\/\/www.lichtstark.ch\/wp-content\/flagallery\/medienraum\/img_9600.jpg\" alt=\"Katholische Kirche St. Theresia\" \/><\/a><a href=\"https:\/\/www.kath-rheineck.ch\"><img class=\"skip-lazy no-lazyload noLazy\" data-lazy-src=\"\" src =\"https:\/\/www.lichtstark.ch\/wp-content\/flagallery\/medienraum\/img_9782.jpg\" alt=\"Katholische Kirche St. Theresia\" \/><\/a><a href=\"https:\/\/www.kath-rheineck.ch\"><img class=\"skip-lazy no-lazyload noLazy\" data-lazy-src=\"\" src =\"https:\/\/www.lichtstark.ch\/wp-content\/flagallery\/medienraum\/img_9772.jpg\" alt=\"Katholische Kirche St. Theresia\" \/><\/a><a href=\"https:\/\/www.kath-rheineck.ch\"><img class=\"skip-lazy no-lazyload noLazy\" data-lazy-src=\"\" src =\"https:\/\/www.lichtstark.ch\/wp-content\/flagallery\/medienraum\/img_9767.jpg\" alt=\"Katholische Kirche St. Theresia\" \/><\/a><a href=\"https:\/\/www.kath-rheineck.ch\"><img class=\"skip-lazy no-lazyload noLazy\" data-lazy-src=\"\" src =\"https:\/\/www.lichtstark.ch\/wp-content\/flagallery\/medienraum\/img_9751.jpg\" alt=\"Katholische Kirche St. Theresia\" \/><\/a><a href=\"https:\/\/www.kath-rheineck.ch\"><img class=\"skip-lazy no-lazyload noLazy\" data-lazy-src=\"\" src =\"https:\/\/www.lichtstark.ch\/wp-content\/flagallery\/medienraum\/gross-7176.jpg\" alt=\"Katholische Kirche St. Theresia\" \/><\/a><a href=\"https:\/\/www.kath-rheineck.ch\"><img class=\"skip-lazy no-lazyload noLazy\" data-lazy-src=\"\" src =\"https:\/\/www.lichtstark.ch\/wp-content\/flagallery\/medienraum\/gross-7162.jpg\" alt=\"Katholische Kirche St. Theresia\" \/><\/a><a href=\"https:\/\/v-f.ch\"><img class=\"skip-lazy no-lazyload noLazy\" data-lazy-src=\"\" src =\"https:\/\/www.lichtstark.ch\/wp-content\/flagallery\/medienraum\/dsc_0083.jpg\" alt=\"VISUAL FANTASTIX APPENZELL\" \/><\/a><a href=\"https:\/\/v-f.ch\"><img class=\"skip-lazy no-lazyload noLazy\" data-lazy-src=\"\" src =\"https:\/\/www.lichtstark.ch\/wp-content\/flagallery\/medienraum\/dsc_0056.jpg\" alt=\"VISUAL FANTASTIX APPENZELL\" \/><\/a><a href=\"https:\/\/v-f.ch\"><img class=\"skip-lazy no-lazyload noLazy\" data-lazy-src=\"\" src =\"https:\/\/www.lichtstark.ch\/wp-content\/flagallery\/medienraum\/dsc_0048.jpg\" alt=\"VISUAL FANTASTIX APPENZELL\" \/><\/a><a href=\"https:\/\/v-f.ch\"><img class=\"skip-lazy no-lazyload noLazy\" data-lazy-src=\"\" src =\"https:\/\/www.lichtstark.ch\/wp-content\/flagallery\/medienraum\/dsc_0019.jpg\" alt=\"VISUAL FANTASTIX APPENZELL\" \/><\/a><a href=\"https:\/\/v-f.ch\"><img class=\"skip-lazy no-lazyload noLazy\" data-lazy-src=\"\" src =\"https:\/\/www.lichtstark.ch\/wp-content\/flagallery\/medienraum\/dsc_0005.jpg\" alt=\"VISUAL FANTASTIX APPENZELL\" \/><\/a><a href=\"https:\/\/v-f.ch\"><img class=\"skip-lazy no-lazyload noLazy\" data-lazy-src=\"\" src =\"https:\/\/www.lichtstark.ch\/wp-content\/flagallery\/medienraum\/dsc_0001.jpg\" alt=\"VISUAL FANTASTIX APPENZELL\" \/><\/a><a href=\"https:\/\/saentispark-freizeit.ch\/sport-spiel\/\"><img class=\"skip-lazy no-lazyload noLazy\" data-lazy-src=\"\" src =\"https:\/\/www.lichtstark.ch\/wp-content\/flagallery\/medienraum\/bowling-09.jpg\" alt=\"S\u00c4NTISPARK BOWLING\" \/><\/a><a href=\"https:\/\/saentispark-freizeit.ch\/sport-spiel\/\"><img class=\"skip-lazy no-lazyload noLazy\" data-lazy-src=\"\" src =\"https:\/\/www.lichtstark.ch\/wp-content\/flagallery\/medienraum\/bowling-16.jpg\" alt=\"S\u00c4NTISPARK BOWLING\" \/><\/a><a href=\"https:\/\/saentispark-freizeit.ch\/sport-spiel\/\"><img class=\"skip-lazy no-lazyload noLazy\" data-lazy-src=\"\" src =\"https:\/\/www.lichtstark.ch\/wp-content\/flagallery\/medienraum\/bowling-12.jpg\" alt=\"S\u00c4NTISPARK BOWLING\" \/><\/a><a href=\"https:\/\/saentispark-freizeit.ch\/sport-spiel\/\"><img class=\"skip-lazy no-lazyload noLazy\" data-lazy-src=\"\" src =\"https:\/\/www.lichtstark.ch\/wp-content\/flagallery\/medienraum\/bowling-14.jpg\" alt=\"S\u00c4NTISPARK BOWLING\" \/><\/a><\/noscript>\n[\/vc_column_text][\/vc_column_inner][\/vc_row_inner][\/vc_column][\/mk_page_section][mk_page_section bg_image=&#8221;https:\/\/www.lichtstark.ch\/wp-content\/uploads\/2016\/05\/overlay.png&#8221; attachment=&#8221;fixed&#8221; bg_position=&#8221;left center&#8221; bg_repeat=&#8221;no-repeat&#8221; section_id=&#8221;projekte&#8221; sidebar=&#8221;sidebar-1&#8243;][vc_column][vc_row_inner attached=&#8221;true&#8221; column_padding=&#8221;1&#8243;][vc_column_inner width=&#8221;1\/2&#8243;][vc_column_text disable_pattern=&#8221;false&#8221; align=&#8221;center&#8221; css=&#8221;.vc_custom_1509118326829{margin-bottom: 0px !important;}&#8221;]\n<p style=\"text-align: left;\"><span style=\"color: #a1a1a1;\"><span style=\"color: #f36f21;\">PR\u00c9SENTATION DE PRODUIT<\/span><br \/>\nSur un stand de foire ou dans un espace de vente, il est essentiel de pr\u00e9senter et mettre en sc\u00e8ne les produits de mani\u00e8re a susciter l\u2019effet d\u00e9sir\u00e9. Souvent, l\u2019incorporation d\u2019installations LED \u00e0 grande \u00e9chelle peut promouvoir la vente, \u00e0 l\u2019int\u00e9rieur, comme \u00e0 l\u2019ext\u00e9rieur.<\/span><\/p>\n<div class=\"flagallery photobox_skin\" id=\"FlaGallery_sc5_17\" ><div class=\"flagPhotoBox_Container\"> <script type=\"text\/javascript\"> jQuery(function(){ var data = {\"thumbwidth\":\"120\",\"thumbheight\":\"90\",\"thumbsvpad\":\"15\",\"thumbshpad\":\"0\",\"history\":\"0\",\"time\":\"8000\",\"autoplay\":\"1\",\"loop\":\"1\",\"thumbs\":\"0\",\"title\":\"1\",\"counter\":\"0\",\"caption\":\"1\",\"zoomable\":\"1\",\"hideFlash\":\"1\",\"key\":\"e65e91588f73a7e3862c8710243595dd\",\"name\":\"GRANDPack\",\"ID\":\"sc5_17\"}; data.content = [{\"id\":\"213\",\"image\":\"https:\\\/\\\/www.lichtstark.ch\\\/wp-content\\\/flagallery\\\/produktpraesentation\\\/webview\\\/lichtstark_biber_foto_49.jpg\",\"thumb\":\"https:\\\/\\\/www.lichtstark.ch\\\/wp-content\\\/flagallery\\\/produktpraesentation\\\/thumbs\\\/thumbs_lichtstark_biber_foto_49.jpg\",\"title\":\"BISCHOFBERGER BIBERLI\",\"alt\":\"BISCHOFBERGER BIBERLI\",\"text\":\"<p>Showroom Bischofberger<br \\\/>\\nFoto: Lichtstark<\\\/p>\\n\",\"media\":\"\",\"link\":\"https:\\\/\\\/www.baerli-biber.ch\",\"linkTarget\":\"_blank\"},{\"id\":\"211\",\"image\":\"https:\\\/\\\/www.lichtstark.ch\\\/wp-content\\\/flagallery\\\/produktpraesentation\\\/webview\\\/lichtstark_biber_foto_32.jpg\",\"thumb\":\"https:\\\/\\\/www.lichtstark.ch\\\/wp-content\\\/flagallery\\\/produktpraesentation\\\/thumbs\\\/thumbs_lichtstark_biber_foto_32.jpg\",\"title\":\"BISCHOFBERGER BIBERLI\",\"alt\":\"BISCHOFBERGER BIBERLI\",\"text\":\"<p>Showroom Bischofberger<br \\\/>\\nFoto: Lichtstark<\\\/p>\\n\",\"media\":\"\",\"link\":\"https:\\\/\\\/www.baerli-biber.ch\",\"linkTarget\":\"_blank\"},{\"id\":\"209\",\"image\":\"https:\\\/\\\/www.lichtstark.ch\\\/wp-content\\\/flagallery\\\/produktpraesentation\\\/webview\\\/lichtstark_biber_foto_05.jpg\",\"thumb\":\"https:\\\/\\\/www.lichtstark.ch\\\/wp-content\\\/flagallery\\\/produktpraesentation\\\/thumbs\\\/thumbs_lichtstark_biber_foto_05.jpg\",\"title\":\"BISCHOFBERGER BIBERLI\",\"alt\":\"BISCHOFBERGER BIBERLI\",\"text\":\"<p>Showroom Bischofberger<br \\\/>\\nFoto: Lichtstark<\\\/p>\\n\",\"media\":\"\",\"link\":\"https:\\\/\\\/www.baerli-biber.ch\",\"linkTarget\":\"_blank\"},{\"id\":\"210\",\"image\":\"https:\\\/\\\/www.lichtstark.ch\\\/wp-content\\\/flagallery\\\/produktpraesentation\\\/webview\\\/lichtstark_biber_foto_22.jpg\",\"thumb\":\"https:\\\/\\\/www.lichtstark.ch\\\/wp-content\\\/flagallery\\\/produktpraesentation\\\/thumbs\\\/thumbs_lichtstark_biber_foto_22.jpg\",\"title\":\"BISCHOFBERGER BIBERLI\",\"alt\":\"BISCHOFBERGER BIBERLI\",\"text\":\"<p>Showroom Bischofberger<br \\\/>\\nFoto: Lichtstark<\\\/p>\\n\",\"media\":\"\",\"link\":\"https:\\\/\\\/www.baerli-biber.ch\",\"linkTarget\":\"_blank\"},{\"id\":\"212\",\"image\":\"https:\\\/\\\/www.lichtstark.ch\\\/wp-content\\\/flagallery\\\/produktpraesentation\\\/webview\\\/lichtstark_biber_foto_46.jpg\",\"thumb\":\"https:\\\/\\\/www.lichtstark.ch\\\/wp-content\\\/flagallery\\\/produktpraesentation\\\/thumbs\\\/thumbs_lichtstark_biber_foto_46.jpg\",\"title\":\"BISCHOFBERGER BIBERLI\",\"alt\":\"BISCHOFBERGER BIBERLI\",\"text\":\"<p>Showroom Bischofberger<br \\\/>\\nFoto: Lichtstark<\\\/p>\\n\",\"media\":\"\",\"link\":\"https:\\\/\\\/www.baerli-biber.ch\",\"linkTarget\":\"_blank\"},{\"id\":\"80\",\"image\":\"https:\\\/\\\/www.lichtstark.ch\\\/wp-content\\\/flagallery\\\/produktpraesentation\\\/webview\\\/immobilia-06.jpg\",\"thumb\":\"https:\\\/\\\/www.lichtstark.ch\\\/wp-content\\\/flagallery\\\/produktpraesentation\\\/thumbs\\\/thumbs_immobilia-06.jpg\",\"title\":\"MESSESTAND IMMOMESSE ST. GALLEN\",\"alt\":\"MESSESTAND IMMOMESSE ST. GALLEN\",\"text\":\"<p>Firmeneigener Messestand mit Wohnraumleuchten<br \\\/>\\nFoto: lichtstark<\\\/p>\\n\",\"media\":\"\",\"link\":\"\",\"linkTarget\":\"_self\"},{\"id\":\"81\",\"image\":\"https:\\\/\\\/www.lichtstark.ch\\\/wp-content\\\/flagallery\\\/produktpraesentation\\\/webview\\\/immobilia-07.jpg\",\"thumb\":\"https:\\\/\\\/www.lichtstark.ch\\\/wp-content\\\/flagallery\\\/produktpraesentation\\\/thumbs\\\/thumbs_immobilia-07.jpg\",\"title\":\"MESSESTAND IMMOMESSE ST. GALLEN\",\"alt\":\"MESSESTAND IMMOMESSE ST. GALLEN\",\"text\":\"<p>Firmeneigener Messestand mit Wohnraumleuchten<br \\\/>\\nFoto: lichtstark<\\\/p>\\n\",\"media\":\"\",\"link\":\"\",\"linkTarget\":\"_self\"},{\"id\":\"78\",\"image\":\"https:\\\/\\\/www.lichtstark.ch\\\/wp-content\\\/flagallery\\\/produktpraesentation\\\/webview\\\/shop-04.jpg\",\"thumb\":\"https:\\\/\\\/www.lichtstark.ch\\\/wp-content\\\/flagallery\\\/produktpraesentation\\\/thumbs\\\/thumbs_shop-04.jpg\",\"title\":\"KLEIDERGESCH\\u00c4FT IN APPENZELL\",\"alt\":\"KLEIDERGESCH\\u00c4FT IN APPENZELL\",\"text\":\"<p>Verkaufsraum mit Industrie-Pendelleuchten<br \\\/>\\nFoto: lichtstark<\\\/p>\\n\",\"media\":\"\",\"link\":\"http:\\\/\\\/www.saentis-fashion.ch\",\"linkTarget\":\"_blank\"},{\"id\":\"79\",\"image\":\"https:\\\/\\\/www.lichtstark.ch\\\/wp-content\\\/flagallery\\\/produktpraesentation\\\/webview\\\/shop-05.jpg\",\"thumb\":\"https:\\\/\\\/www.lichtstark.ch\\\/wp-content\\\/flagallery\\\/produktpraesentation\\\/thumbs\\\/thumbs_shop-05.jpg\",\"title\":\"KLEIDERGESCH\\u00c4FT IN APPENZELL\",\"alt\":\"KLEIDERGESCH\\u00c4FT IN APPENZELL\",\"text\":\"<p>Jeans-Verkaufsraum mit runden Pendelleuchten<br \\\/>\\nFoto: lichtstark<\\\/p>\\n\",\"media\":\"\",\"link\":\"\",\"linkTarget\":\"_self\"},{\"id\":\"86\",\"image\":\"https:\\\/\\\/www.lichtstark.ch\\\/wp-content\\\/flagallery\\\/produktpraesentation\\\/webview\\\/blueten-blatt.jpg\",\"thumb\":\"https:\\\/\\\/www.lichtstark.ch\\\/wp-content\\\/flagallery\\\/produktpraesentation\\\/thumbs\\\/thumbs_blueten-blatt.jpg\",\"title\":\"BLUMENLADEN IN ST. GALLEN\",\"alt\":\"BLUMENLADEN IN ST. GALLEN\",\"text\":\"<p>Verkaufsbeleuchtung mit Stromschienen-Strahlern<br \\\/>\\nFoto: lichtstark<\\\/p>\\n\",\"media\":\"\",\"link\":\"http:\\\/\\\/www.bluetenundblatt.ch\",\"linkTarget\":\"_blank\"},{\"id\":\"83\",\"image\":\"https:\\\/\\\/www.lichtstark.ch\\\/wp-content\\\/flagallery\\\/produktpraesentation\\\/webview\\\/lichtstark-08.jpg\",\"thumb\":\"https:\\\/\\\/www.lichtstark.ch\\\/wp-content\\\/flagallery\\\/produktpraesentation\\\/thumbs\\\/thumbs_lichtstark-08.jpg\",\"title\":\"BELEUCHTUNGSGESCH\\u00c4FT IN ST. GALLEN\",\"alt\":\"BELEUCHTUNGSGESCH\\u00c4FT IN ST. GALLEN\",\"text\":\"<p>Ladengesch\\u00e4ft f\\u00fcr Wohnraumleuchten<br \\\/>\\nFoto: lichtstark<\\\/p>\\n\",\"media\":\"\",\"link\":\"\",\"linkTarget\":\"_self\"},{\"id\":\"84\",\"image\":\"https:\\\/\\\/www.lichtstark.ch\\\/wp-content\\\/flagallery\\\/produktpraesentation\\\/webview\\\/casa-del-gusto-09.jpg\",\"thumb\":\"https:\\\/\\\/www.lichtstark.ch\\\/wp-content\\\/flagallery\\\/produktpraesentation\\\/thumbs\\\/thumbs_casa-del-gusto-09.jpg\",\"title\":\"LADENGESCH\\u00c4FT IN ASCONA\",\"alt\":\"LADENGESCH\\u00c4FT IN ASCONA\",\"text\":\"<p>Verkaufsbeleuchtung mit Stromschienen-Strahlern<br \\\/>\\nFoto: PD<\\\/p>\\n\",\"media\":\"\",\"link\":\"http:\\\/\\\/www.casadelgusto.ch\",\"linkTarget\":\"_blank\"}]; jQuery('#FlaGallery_sc5_17 .flagPhotoBox_Container').photobox('a', data); }); <\/script><\/div><\/div><noscript id=\"noscript_FlaGallery_sc5_17\"><a href=\"https:\/\/www.baerli-biber.ch\"><img class=\"skip-lazy no-lazyload noLazy\" data-lazy-src=\"\" src =\"https:\/\/www.lichtstark.ch\/wp-content\/flagallery\/produktpraesentation\/lichtstark_biber_foto_49.jpg\" alt=\"BISCHOFBERGER BIBERLI\" \/><\/a><a href=\"https:\/\/www.baerli-biber.ch\"><img class=\"skip-lazy no-lazyload noLazy\" data-lazy-src=\"\" src =\"https:\/\/www.lichtstark.ch\/wp-content\/flagallery\/produktpraesentation\/lichtstark_biber_foto_32.jpg\" alt=\"BISCHOFBERGER BIBERLI\" \/><\/a><a href=\"https:\/\/www.baerli-biber.ch\"><img class=\"skip-lazy no-lazyload noLazy\" data-lazy-src=\"\" src =\"https:\/\/www.lichtstark.ch\/wp-content\/flagallery\/produktpraesentation\/lichtstark_biber_foto_05.jpg\" alt=\"BISCHOFBERGER BIBERLI\" \/><\/a><a href=\"https:\/\/www.baerli-biber.ch\"><img class=\"skip-lazy no-lazyload noLazy\" data-lazy-src=\"\" src =\"https:\/\/www.lichtstark.ch\/wp-content\/flagallery\/produktpraesentation\/lichtstark_biber_foto_22.jpg\" alt=\"BISCHOFBERGER BIBERLI\" \/><\/a><a href=\"https:\/\/www.baerli-biber.ch\"><img class=\"skip-lazy no-lazyload noLazy\" data-lazy-src=\"\" src =\"https:\/\/www.lichtstark.ch\/wp-content\/flagallery\/produktpraesentation\/lichtstark_biber_foto_46.jpg\" alt=\"BISCHOFBERGER BIBERLI\" \/><\/a><img class=\"skip-lazy no-lazyload noLazy\" data-lazy-src=\"\" src =\"https:\/\/www.lichtstark.ch\/wp-content\/flagallery\/produktpraesentation\/immobilia-06.jpg\" alt=\"MESSESTAND IMMOMESSE ST. GALLEN\" \/><img class=\"skip-lazy no-lazyload noLazy\" data-lazy-src=\"\" src =\"https:\/\/www.lichtstark.ch\/wp-content\/flagallery\/produktpraesentation\/immobilia-07.jpg\" alt=\"MESSESTAND IMMOMESSE ST. GALLEN\" \/><a href=\"http:\/\/www.saentis-fashion.ch\"><img class=\"skip-lazy no-lazyload noLazy\" data-lazy-src=\"\" src =\"https:\/\/www.lichtstark.ch\/wp-content\/flagallery\/produktpraesentation\/shop-04.jpg\" alt=\"KLEIDERGESCH\u00c4FT IN APPENZELL\" \/><\/a><img class=\"skip-lazy no-lazyload noLazy\" data-lazy-src=\"\" src =\"https:\/\/www.lichtstark.ch\/wp-content\/flagallery\/produktpraesentation\/shop-05.jpg\" alt=\"KLEIDERGESCH\u00c4FT IN APPENZELL\" \/><a href=\"http:\/\/www.bluetenundblatt.ch\"><img class=\"skip-lazy no-lazyload noLazy\" data-lazy-src=\"\" src =\"https:\/\/www.lichtstark.ch\/wp-content\/flagallery\/produktpraesentation\/blueten-blatt.jpg\" alt=\"BLUMENLADEN IN ST. GALLEN\" \/><\/a><img class=\"skip-lazy no-lazyload noLazy\" data-lazy-src=\"\" src =\"https:\/\/www.lichtstark.ch\/wp-content\/flagallery\/produktpraesentation\/lichtstark-08.jpg\" alt=\"BELEUCHTUNGSGESCH\u00c4FT IN ST. GALLEN\" \/><a href=\"http:\/\/www.casadelgusto.ch\"><img class=\"skip-lazy no-lazyload noLazy\" data-lazy-src=\"\" src =\"https:\/\/www.lichtstark.ch\/wp-content\/flagallery\/produktpraesentation\/casa-del-gusto-09.jpg\" alt=\"LADENGESCH\u00c4FT IN ASCONA\" \/><\/a><\/noscript>[\/vc_column_text][\/vc_column_inner][vc_column_inner width=&#8221;1\/2&#8243;][vc_column_text disable_pattern=&#8221;false&#8221; align=&#8221;center&#8221; css=&#8221;.vc_custom_1509118351141{margin-bottom: 0px !important;}&#8221;]\n<p style=\"text-align: left;\"><span style=\"color: #f36f21;\">GASTRONOMIE<br \/>\n<\/span><span style=\"color: #a1a1a1;\">L\u2019h\u00f4tellerie et la restauration sont certainement des domaines o\u00f9 un \u00e9clairage appropri\u00e9 permet de cr\u00e9er une ambiance et une exp\u00e9rience la plus agr\u00e9able possible pour les invit\u00e9s. Nous avons une palette de projets extr\u00eamement versatile, qui cr\u00e9ent une atmosph\u00e8re absolument unique.<\/span><br \/>\n<div class=\"flagallery photobox_skin\" id=\"FlaGallery_sc6_18\" ><div class=\"flagPhotoBox_Container\"> <script type=\"text\/javascript\"> jQuery(function(){ var data = {\"thumbwidth\":\"120\",\"thumbheight\":\"90\",\"thumbsvpad\":\"15\",\"thumbshpad\":\"0\",\"history\":\"0\",\"time\":\"8000\",\"autoplay\":\"1\",\"loop\":\"1\",\"thumbs\":\"0\",\"title\":\"1\",\"counter\":\"0\",\"caption\":\"1\",\"zoomable\":\"1\",\"hideFlash\":\"1\",\"key\":\"e65e91588f73a7e3862c8710243595dd\",\"name\":\"GRANDPack\",\"ID\":\"sc6_18\"}; data.content = [{\"id\":\"37\",\"image\":\"https:\\\/\\\/www.lichtstark.ch\\\/wp-content\\\/flagallery\\\/gastgewerbe\\\/webview\\\/gastgewerbe-01.jpg\",\"thumb\":\"https:\\\/\\\/www.lichtstark.ch\\\/wp-content\\\/flagallery\\\/gastgewerbe\\\/thumbs\\\/thumbs_gastgewerbe-01.jpg\",\"title\":\"BAR IN ST. GALLEN\",\"alt\":\"BAR IN ST. GALLEN\",\"text\":\"<p>Indirekte RGB-Deckenbeleuchtung<br \\\/>\\nFoto: lichtstark<\\\/p>\\n\",\"media\":\"\",\"link\":\"\",\"linkTarget\":\"_self\"},{\"id\":\"38\",\"image\":\"https:\\\/\\\/www.lichtstark.ch\\\/wp-content\\\/flagallery\\\/gastgewerbe\\\/webview\\\/gastgewerbe-02.jpg\",\"thumb\":\"https:\\\/\\\/www.lichtstark.ch\\\/wp-content\\\/flagallery\\\/gastgewerbe\\\/thumbs\\\/thumbs_gastgewerbe-02.jpg\",\"title\":\"CAFE\\\/BAR IN ST. GALLEN\",\"alt\":\"CAFE\\\/BAR IN ST. GALLEN\",\"text\":\"<p>Hinterleuchte Bar und RGB-Deckenlicht<br \\\/>\\nFoto: lichtstark<\\\/p>\\n\",\"media\":\"\",\"link\":\"\",\"linkTarget\":\"_self\"},{\"id\":\"40\",\"image\":\"https:\\\/\\\/www.lichtstark.ch\\\/wp-content\\\/flagallery\\\/gastgewerbe\\\/webview\\\/gastgewerbe-04.jpg\",\"thumb\":\"https:\\\/\\\/www.lichtstark.ch\\\/wp-content\\\/flagallery\\\/gastgewerbe\\\/thumbs\\\/thumbs_gastgewerbe-04.jpg\",\"title\":\"WEINKELLER IN BAAR\",\"alt\":\"WEINKELLER IN BAAR\",\"text\":\"<p>Exclusiver Weinkeller in Kaverne mit RGB-Beleuchtung<br \\\/>\\nFoto: lichtstark<\\\/p>\\n\",\"media\":\"\",\"link\":\"\",\"linkTarget\":\"_self\"},{\"id\":\"87\",\"image\":\"https:\\\/\\\/www.lichtstark.ch\\\/wp-content\\\/flagallery\\\/gastgewerbe\\\/webview\\\/bistro-05.jpg\",\"thumb\":\"https:\\\/\\\/www.lichtstark.ch\\\/wp-content\\\/flagallery\\\/gastgewerbe\\\/thumbs\\\/thumbs_bistro-05.jpg\",\"title\":\"BAHNHOFBUFFET SCHAFFHAUSEN\",\"alt\":\"BAHNHOFBUFFET SCHAFFHAUSEN\",\"text\":\"<p>Riesiger moderner LED-Kronleuchter in Form der Bar<br \\\/>\\nFoto: PD<\\\/p>\\n\",\"media\":\"\",\"link\":\"\",\"linkTarget\":\"_self\"},{\"id\":\"88\",\"image\":\"https:\\\/\\\/www.lichtstark.ch\\\/wp-content\\\/flagallery\\\/gastgewerbe\\\/webview\\\/bar-06.jpg\",\"thumb\":\"https:\\\/\\\/www.lichtstark.ch\\\/wp-content\\\/flagallery\\\/gastgewerbe\\\/thumbs\\\/thumbs_bar-06.jpg\",\"title\":\"RESTAURANT APPENZELLERLAND\",\"alt\":\"RESTAURANT APPENZELLERLAND\",\"text\":\"<p>Mit LED-Streifen hinterleuchtete Bar mit gelbem Glas<br \\\/>\\nFoto: lichtstark<\\\/p>\\n\",\"media\":\"\",\"link\":\"\",\"linkTarget\":\"_self\"},{\"id\":\"89\",\"image\":\"https:\\\/\\\/www.lichtstark.ch\\\/wp-content\\\/flagallery\\\/gastgewerbe\\\/webview\\\/bar-07.jpg\",\"thumb\":\"https:\\\/\\\/www.lichtstark.ch\\\/wp-content\\\/flagallery\\\/gastgewerbe\\\/thumbs\\\/thumbs_bar-07.jpg\",\"title\":\"RESTAURANT APPENZELLERLAND\",\"alt\":\"RESTAURANT APPENZELLERLAND\",\"text\":\"<p>Teilweise hinterleuchtete Spiegelwand<br \\\/>\\nFoto: lichtstark<\\\/p>\\n\",\"media\":\"\",\"link\":\"\",\"linkTarget\":\"_self\"},{\"id\":\"90\",\"image\":\"https:\\\/\\\/www.lichtstark.ch\\\/wp-content\\\/flagallery\\\/gastgewerbe\\\/webview\\\/bar-08.jpg\",\"thumb\":\"https:\\\/\\\/www.lichtstark.ch\\\/wp-content\\\/flagallery\\\/gastgewerbe\\\/thumbs\\\/thumbs_bar-08.jpg\",\"title\":\"RESTAURANT IM SIHLCITY Z\\u00dcRICH\",\"alt\":\"RESTAURANT IM SIHLCITY Z\\u00dcRICH\",\"text\":\"<p>Hinterleuchtete Glaswand und Bar-Untersicht<br \\\/>\\nFoto: lichtstark<\\\/p>\\n\",\"media\":\"\",\"link\":\"\",\"linkTarget\":\"_self\"},{\"id\":\"91\",\"image\":\"https:\\\/\\\/www.lichtstark.ch\\\/wp-content\\\/flagallery\\\/gastgewerbe\\\/webview\\\/saentispark-09.jpg\",\"thumb\":\"https:\\\/\\\/www.lichtstark.ch\\\/wp-content\\\/flagallery\\\/gastgewerbe\\\/thumbs\\\/thumbs_saentispark-09.jpg\",\"title\":\"S\\u00c4NTISPARK BEIZLI\",\"alt\":\"S\\u00c4NTISPARK BEIZLI\",\"text\":\"<p>Bistro angelehnt an Terrasse einer Bergh\\u00fctte<br \\\/>\\nFoto: lichtstark<\\\/p>\\n\",\"media\":\"\",\"link\":\"https:\\\/\\\/saentispark-freizeit.ch\\\/baeder\",\"linkTarget\":\"_blank\"},{\"id\":\"92\",\"image\":\"https:\\\/\\\/www.lichtstark.ch\\\/wp-content\\\/flagallery\\\/gastgewerbe\\\/webview\\\/saentispark-10.jpg\",\"thumb\":\"https:\\\/\\\/www.lichtstark.ch\\\/wp-content\\\/flagallery\\\/gastgewerbe\\\/thumbs\\\/thumbs_saentispark-10.jpg\",\"title\":\"S\\u00c4NTISPARK BEIZLI\",\"alt\":\"S\\u00c4NTISPARK BEIZLI\",\"text\":\"<p>Zu Bergh\\u00fctte passende dekorierte Pendelleuchten<br \\\/>\\nFoto: lichtstark<\\\/p>\\n\",\"media\":\"\",\"link\":\"https:\\\/\\\/saentispark-freizeit.ch\\\/baeder\",\"linkTarget\":\"_blank\"},{\"id\":\"39\",\"image\":\"https:\\\/\\\/www.lichtstark.ch\\\/wp-content\\\/flagallery\\\/gastgewerbe\\\/webview\\\/gastgewerbe-03.jpg\",\"thumb\":\"https:\\\/\\\/www.lichtstark.ch\\\/wp-content\\\/flagallery\\\/gastgewerbe\\\/thumbs\\\/thumbs_gastgewerbe-03.jpg\",\"title\":\"WEINKELLER IN BAAR\",\"alt\":\"WEINKELLER IN BAAR\",\"text\":\"<p>Zugang zu Weinkeller mit dynamischem RGB-Lichtkanal<br \\\/>\\nFoto: lichtstark<\\\/p>\\n\",\"media\":\"\",\"link\":\"\",\"linkTarget\":\"_self\"}]; jQuery('#FlaGallery_sc6_18 .flagPhotoBox_Container').photobox('a', data); }); <\/script><\/div><\/div><noscript id=\"noscript_FlaGallery_sc6_18\"><img class=\"skip-lazy no-lazyload noLazy\" data-lazy-src=\"\" src =\"https:\/\/www.lichtstark.ch\/wp-content\/flagallery\/gastgewerbe\/gastgewerbe-01.jpg\" alt=\"BAR IN ST. GALLEN\" \/><img class=\"skip-lazy no-lazyload noLazy\" data-lazy-src=\"\" src =\"https:\/\/www.lichtstark.ch\/wp-content\/flagallery\/gastgewerbe\/gastgewerbe-02.jpg\" alt=\"CAFE\/BAR IN ST. GALLEN\" \/><img class=\"skip-lazy no-lazyload noLazy\" data-lazy-src=\"\" src =\"https:\/\/www.lichtstark.ch\/wp-content\/flagallery\/gastgewerbe\/gastgewerbe-04.jpg\" alt=\"WEINKELLER IN BAAR\" \/><img class=\"skip-lazy no-lazyload noLazy\" data-lazy-src=\"\" src =\"https:\/\/www.lichtstark.ch\/wp-content\/flagallery\/gastgewerbe\/bistro-05.jpg\" alt=\"BAHNHOFBUFFET SCHAFFHAUSEN\" \/><img class=\"skip-lazy no-lazyload noLazy\" data-lazy-src=\"\" src =\"https:\/\/www.lichtstark.ch\/wp-content\/flagallery\/gastgewerbe\/bar-06.jpg\" alt=\"RESTAURANT APPENZELLERLAND\" \/><img class=\"skip-lazy no-lazyload noLazy\" data-lazy-src=\"\" src =\"https:\/\/www.lichtstark.ch\/wp-content\/flagallery\/gastgewerbe\/bar-07.jpg\" alt=\"RESTAURANT APPENZELLERLAND\" \/><img class=\"skip-lazy no-lazyload noLazy\" data-lazy-src=\"\" src =\"https:\/\/www.lichtstark.ch\/wp-content\/flagallery\/gastgewerbe\/bar-08.jpg\" alt=\"RESTAURANT IM SIHLCITY Z\u00dcRICH\" \/><a href=\"https:\/\/saentispark-freizeit.ch\/baeder\"><img class=\"skip-lazy no-lazyload noLazy\" data-lazy-src=\"\" src =\"https:\/\/www.lichtstark.ch\/wp-content\/flagallery\/gastgewerbe\/saentispark-09.jpg\" alt=\"S\u00c4NTISPARK BEIZLI\" \/><\/a><a href=\"https:\/\/saentispark-freizeit.ch\/baeder\"><img class=\"skip-lazy no-lazyload noLazy\" data-lazy-src=\"\" src =\"https:\/\/www.lichtstark.ch\/wp-content\/flagallery\/gastgewerbe\/saentispark-10.jpg\" alt=\"S\u00c4NTISPARK BEIZLI\" \/><\/a><img class=\"skip-lazy no-lazyload noLazy\" data-lazy-src=\"\" src =\"https:\/\/www.lichtstark.ch\/wp-content\/flagallery\/gastgewerbe\/gastgewerbe-03.jpg\" alt=\"WEINKELLER IN BAAR\" \/><\/noscript>\n[\/vc_column_text][\/vc_column_inner][\/vc_row_inner][\/vc_column][\/mk_page_section][mk_page_section bg_image=&#8221;https:\/\/www.lichtstark.ch\/wp-content\/uploads\/2017\/03\/kasse-01.jpg&#8221; attachment=&#8221;fixed&#8221; bg_position=&#8221;center center&#8221; bg_repeat=&#8221;no-repeat&#8221; bg_stretch=&#8221;true&#8221; full_width=&#8221;true&#8221; sidebar=&#8221;sidebar-1&#8243;][vc_column][mk_padding_divider size=&#8221;400&#8243;][\/vc_column][\/mk_page_section][mk_page_section bg_image=&#8221;https:\/\/www.lichtstark.ch\/wp-content\/uploads\/2016\/05\/overlay.png&#8221; attachment=&#8221;fixed&#8221; bg_position=&#8221;left center&#8221; bg_repeat=&#8221;no-repeat&#8221; section_id=&#8221;angebote&#8221; sidebar=&#8221;sidebar-1&#8243;][vc_column][mk_padding_divider][vc_column_text css=&#8221;.vc_custom_1509118827056{margin-bottom: 0px !important;}&#8221;]\n<h4 style=\"text-align: center;\"><span style=\"color: #f36f21;\">OFFRES <span style=\"color: #a1a1a1;\">INTERESSANTES<\/span><\/span><\/h4>\n[\/vc_column_text][mk_padding_divider size=&#8221;20&#8243;][vc_row_inner][vc_column_inner width=&#8221;1\/2&#8243;][vc_column_text css=&#8221;.vc_custom_1509118863957{margin-bottom: 0px !important;}&#8221;]<span style=\"color: #f36f21;\">CONSEIL LUMINAIRE<br \/>\n<\/span><span style=\"color: #a1a1a1;\">Nous vous conseillons de mani\u00e8re comp\u00e9tente dans tous les domaines de la planification luminaire. Etant donn\u00e9 que nous sommes compl\u00e8tement ind\u00e9pendants de tout fabricant, nos conseils restent neutres, et sont cibl\u00e9s sur le meilleur r\u00e9sultat possible, ind\u00e9pendamment des produits que vous souhaitez utiliser. La facturation de nos services se fait \u00e0 l\u2019heure ou alors selon un forfait\u00a0; si n\u00e9cessaire, nous ajoutons aussi les frais de voyage. En principe, toutes nos consultations sont factur\u00e9es.<\/span><\/p>\n<p><span style=\"color: #f36f21;\">VISUALISATION<br \/>\n<\/span><span style=\"color: #a1a1a1;\">Les concepts visuels d\u2019\u00e9clairages n\u00e9cessitent une planification sous la forme d\u2019un pr\u00e9-projet. Souvent ils sont relativement co\u00fbteux, n\u00e9cessitant du mat\u00e9riel et des logiciels informatiques specialis\u00e9s pour leur cr\u00e9ation. Pour cette raison, nous estimons g\u00e9n\u00e9ralement leur ampleur au d\u00e9part et convenons avec nos clients d\u2019un prix forfaitaire pour cette option.<\/span>[\/vc_column_text][\/vc_column_inner][vc_column_inner width=&#8221;1\/2&#8243;][vc_column_text css=&#8221;.vc_custom_1509118887256{margin-bottom: 0px !important;}&#8221;]<span style=\"color: #f36f21;\">PLANIFICATION D\u2019\u00c9CLAIRAGE<br \/>\n<\/span><span style=\"color: #a1a1a1;\">Dans les projets de grande envergure, on nous demande souvent de prendre en charge toute la planification et la gestion de la partie construction en ce qui concerne l\u2019\u00e9clairage. Cela comprend un pr\u00e9-projet, le projet en lui-m\u00eame (incluant l\u2019appel d\u2019offres), l\u2019ex\u00e9cution, et la mise en fonction. Ceci n\u00e9cessite souvent une collaboration \u00e9troite entre l\u2019\u00e9quipe d\u2019architecture, la planification de l\u2019\u00e9clairage et, si n\u00e9cessaire, le marketing. En g\u00e9n\u00e9ral, cette collaboration est factur\u00e9e selon l\u2019ordonnance SIA 108\u00a0; notre prix est donc d\u00e9pendant du montant total de la construction.<\/span><\/p>\n<p><span style=\"color: #f36f21;\">PACKAGE COMPLET AVEC LIVRAISON DE L\u2019ECLAIRAGE<br \/>\n<\/span><span style=\"color: #a1a1a1;\">En principe, nous travaillons ind\u00e9pendamment des fabricants, et nous sommes rarement impliqu\u00e9s dans\u00a0l\u2019acquisition des sources lumineuses elles-m\u00eames. Selon le besoin, nous pouvons aussi fournir tout le mat\u00e9riel n\u00e9cessaire (lumi\u00e8res, c\u00e2bles, t\u00e9l\u00e9commandes, etc.) et proposer un devis comprenant ces aspects suppl\u00e9mentaires.<\/span>[\/vc_column_text][\/vc_column_inner][\/vc_row_inner][mk_padding_divider size=&#8221;20&#8243;][\/vc_column][\/mk_page_section][mk_page_section bg_image=&#8221;https:\/\/www.lichtstark.ch\/wp-content\/uploads\/2017\/03\/bowling-01.jpg&#8221; attachment=&#8221;fixed&#8221; bg_position=&#8221;center center&#8221; bg_repeat=&#8221;no-repeat&#8221; bg_stretch=&#8221;true&#8221; full_width=&#8221;true&#8221; sidebar=&#8221;sidebar-1&#8243;][vc_column][mk_padding_divider size=&#8221;400&#8243;][\/vc_column][\/mk_page_section][mk_page_section bg_image=&#8221;https:\/\/www.lichtstark.ch\/wp-content\/uploads\/2016\/05\/overlay.png&#8221; attachment=&#8221;fixed&#8221; bg_position=&#8221;left center&#8221; bg_repeat=&#8221;no-repeat&#8221; section_id=&#8221;videos&#8221; sidebar=&#8221;sidebar-1&#8243;][vc_column][mk_padding_divider][vc_column_text css=&#8221;.vc_custom_1509119016110{margin-bottom: 0px !important;}&#8221;]\n<h4 style=\"text-align: center;\"><span style=\"color: #f36f21;\">VID\u00c9OS\u00a0<span style=\"color: #a1a1a1;\">DE PROJET<\/span><\/span><\/h4>\n[\/vc_column_text][mk_padding_divider size=&#8221;20&#8243;]\n[vc_row_inner]\n[vc_column_inner width=&#8221;1\/2&#8243;][vc_column_text css=&#8221;.vc_custom_1523955452499{margin-bottom: 0px !important;}&#8221;]<span style=\"color: #f36f21;\">ENERGY ELEMENTS ELEVEN\u00a0<span style=\"color: #a1a1a1;\">S\u00e4ntispark Abtwil (CH)<\/span><\/span>[\/vc_column_text]\n[vc_video link=&#8221;https:\/\/youtu.be\/3vxv54R7b5s&#8221;][mk_padding_divider size=&#8221;20&#8243;][\/vc_column_inner]\n[vc_column_inner width=&#8221;1\/2&#8243;][vc_column_text css=&#8221;.vc_custom_1527000425107{margin-bottom: 0px !important;}&#8221;]<span style=\"color: #f36f21;\">SHINING SLIDEWHEEL\u00a0<span style=\"color: #a1a1a1;\">Chimelong Water Park (CN)<\/span><\/span>[\/vc_column_text]\n[vc_video link=&#8221;https:\/\/youtu.be\/rUUG8Fwd1cc&#8221;][mk_padding_divider size=&#8221;20&#8243;][\/vc_column_inner]\n[\/vc_row_inner]\n[vc_row_inner]\n[vc_column_inner width=&#8221;1\/2&#8243;][vc_column_text css=&#8221;.vc_custom_1523956268302{margin-bottom: 0px !important;}&#8221;]<span style=\"color: #f36f21;\">OUTDOOR POOL <\/span><span style=\"color: #a1a1a1;\"><span style=\"caret-color: #a1a1a1;\">S\u00e4ntispark Abtwil (CH)<\/span><\/span>[\/vc_column_text]\n[vc_video link=&#8221;https:\/\/youtu.be\/CqxP4CcJFrI&#8221;][mk_padding_divider size=&#8221;20&#8243;][\/vc_column_inner]\n[vc_column_inner width=&#8221;1\/2&#8243;][vc_column_text css=&#8221;.vc_custom_1523956268302{margin-bottom: 0px !important;}&#8221;]<span style=\"color: #f36f21;\">SKYWATCH <\/span><span style=\"color: #a1a1a1;\"><span style=\"caret-color: #a1a1a1;\">Qiddiya City (Saudi Arabia)<\/span><\/span>[\/vc_column_text]\n[vc_video link=&#8221;https:\/\/youtu.be\/IYWK5yRm0mU&#8221;][mk_padding_divider size=&#8221;20&#8243;][\/vc_column_inner]\n[\/vc_row_inner]\n[vc_row_inner]\n[vc_column_inner width=&#8221;1\/2&#8243;][vc_column_text css=&#8221;.vc_custom_1571756046942{margin-bottom: 0px !important;}&#8221;]<span style=\"color: #f36f21;\">ARBOPARK\u00a0<span style=\"color: #a1a1a1;\">Arbon (CH)<\/span><\/span>[\/vc_column_text]\n[vc_video link=&#8221;https:\/\/youtu.be\/DPAqb53NDSQ&#8221;][mk_padding_divider size=&#8221;20&#8243;][\/vc_column_inner]\n[vc_column_inner width=&#8221;1\/2&#8243;][vc_column_text css=&#8221;.vc_custom_1523955495723{margin-bottom: 0px !important;}&#8221;]<span style=\"color: #f36f21;\">SALLE D\u2019\u00c9V\u00c9NEMENT  <\/span><span style=\"color: #a1a1a1;\"><span style=\"caret-color: #a1a1a1;\">Appenzell (CH)<\/span><\/span>[\/vc_column_text]\n[vc_video link=&#8221;https:\/\/youtu.be\/KHni84gh1Ek&#8221;][mk_padding_divider size=&#8221;20&#8243;]\n[\/vc_column_inner]\n[\/vc_row_inner]\n[vc_row_inner]\n[vc_column_inner width=&#8221;1\/2&#8243;][vc_column_text css=&#8221;.vc_custom_1571756344868{margin-bottom: 0px !important;}&#8221;]<span style=\"color: #f36f21;\">B\u00c4RLI-BIBER-WORLD\u00a0<span style=\"color: #a1a1a1;\">Weissbad (CH)<\/span><\/span>[\/vc_column_text]\n[vc_video link=&#8221;https:\/\/youtu.be\/2TAbKxkoWAw&#8221;][mk_padding_divider size=&#8221;20&#8243;][\/vc_column_inner]\n[vc_column_inner width=&#8221;1\/2&#8243;][vc_column_text css=&#8221;.vc_custom_1571756046942{margin-bottom: 0px !important;}&#8221;]<span style=\"color: #f36f21;\">\u00c9GLISE ST. THERESIA\u00a0<span style=\"color: #a1a1a1;\">Rheineck (CH)<\/span><\/span>[\/vc_column_text]\n[vc_video link=&#8221;https:\/\/youtu.be\/kOc2giinvQs&#8221;][mk_padding_divider size=&#8221;20&#8243;][\/vc_column_inner]\n[\/vc_row_inner]\n[mk_padding_divider size=&#8221;20&#8243;][\/vc_column][\/mk_page_section][mk_page_section bg_image=&#8221;https:\/\/www.lichtstark.ch\/wp-content\/uploads\/2017\/03\/kinderbad-01.jpg&#8221; attachment=&#8221;fixed&#8221; bg_position=&#8221;center center&#8221; bg_repeat=&#8221;no-repeat&#8221; bg_stretch=&#8221;true&#8221; full_width=&#8221;true&#8221; sidebar=&#8221;sidebar-1&#8243;][vc_column][mk_padding_divider size=&#8221;400&#8243;][\/vc_column][\/mk_page_section][mk_page_section bg_image=&#8221;https:\/\/www.lichtstark.ch\/wp-content\/uploads\/2016\/05\/overlay.png&#8221; attachment=&#8221;fixed&#8221; bg_position=&#8221;left center&#8221; bg_repeat=&#8221;no-repeat&#8221; section_id=&#8221;team&#8221; sidebar=&#8221;sidebar-1&#8243;][vc_column][mk_padding_divider][vc_column_text css=&#8221;.vc_custom_1509119051349{margin-bottom: 0px !important;}&#8221;]\n<h4 style=\"text-align: center;\"><span style=\"color: #f36f21;\"><span style=\"color: #a1a1a1;\">L&#8217;EQUIPE<\/span> LICHTSTARK<\/span><\/h4>\n[\/vc_column_text][mk_padding_divider size=&#8221;20&#8243;][vc_row_inner attached=&#8221;true&#8221; column_padding=&#8221;1&#8243;][vc_column_inner width=&#8221;1\/3&#8243;][mk_image src=&#8221;https:\/\/www.lichtstark.ch\/wp-content\/uploads\/2016\/02\/mathias.jpg&#8221; image_size=&#8221;full&#8221; align=&#8221;center&#8221;][vc_column_text]\n<p style=\"text-align: center;\"><span style=\"color: #f36f21;\">Mathias Benz<\/span><\/p>\n[\/vc_column_text][vc_column_text css=&#8221;.vc_custom_1509119083210{margin-bottom: 0px !important;}&#8221;]\n<p style=\"text-align: center;\"><span style=\"color: #a1a1a1;\">Dipl. El.-Ing. ETH<br \/>\n<\/span><span style=\"color: #a1a1a1;\">Propri\u00e9taire\/Directeur g\u00e9n\u00e9ral<br \/>\n<\/span><span style=\"color: #a1a1a1;\">Ing\u00e9nieur pour concepts et<br \/>\n<\/span><span style=\"color: #a1a1a1;\">Commandes luminaires complexes<br \/>\n<\/span><span style=\"color: #f36f21;\"><span style=\"color: #a1a1a1;\">Email:<\/span>\u00a0<a style=\"color: #f36f21;\" href=\"mailto:benz@lichtstark.ch\">benz[at]lichtstark.ch<\/a><\/span><\/p>\n[\/vc_column_text][\/vc_column_inner][vc_column_inner width=&#8221;1\/3&#8243;][mk_image src=&#8221;https:\/\/www.lichtstark.ch\/wp-content\/uploads\/2017\/10\/partner-netzwerk-quadrat.jpg&#8221; image_size=&#8221;full&#8221; align=&#8221;center&#8221;][vc_column_text css=&#8221;.vc_custom_1509119154772{margin-bottom: 0px !important;}&#8221;]\n<p style=\"text-align: center;\"><span style=\"color: #f36f21;\">R\u00e9seau de partenaires<\/span><\/p>\n[\/vc_column_text][vc_column_text css=&#8221;.vc_custom_1509119181255{margin-bottom: 0px !important;}&#8221;]<span style=\"color: #a1a1a1;\">Notre large r\u00e9seau de partenaires est form\u00e9 de sp\u00e9cialistes de la concept luminaire, engineering, audio, informatique, contenu et service (montage et maintenance).<\/span><\/p>\n<p style=\"text-align: center;\"><span style=\"color: #a1a1a1;\">\u00a0<\/span><\/p>\n[\/vc_column_text][\/vc_column_inner][vc_column_inner width=&#8221;1\/3&#8243;][mk_image src=&#8221;https:\/\/www.lichtstark.ch\/wp-content\/uploads\/2023\/12\/vakant.jpg&#8221; image_size=&#8221;full&#8221; align=&#8221;center&#8221;][vc_column_text css=&#8221;.vc_custom_1509019308503{margin-bottom: 0px !important;}&#8221;]\n<p style=\"text-align: center;\"><span style=\"color: #f36f21;\">vacant<\/span><\/p>\n[\/vc_column_text][vc_column_text css=&#8221;.vc_custom_1536325694948{margin-bottom: 0px !important;}&#8221;]\n<p style=\"text-align: center;\"><span style=\"color: #a1a1a1;\">Concepteur d&#8217;\u00e9clairage\/visuel<br \/>\n<\/span><span style=\"color: #a1a1a1;\">Planification de l&#8217;\u00e9clairage<br \/>\n<\/span><span style=\"color: #a1a1a1;\">Contenu et commandes luminaires<br \/>\n<\/span><span style=\"color: #f36f21;\"><span style=\"color: #a1a1a1;\">Email:<\/span>\u00a0<a style=\"color: #f36f21;\" href=\"mailto:licht@lichtstark.ch\">licht[at]lichtstark.ch<\/a><\/span><\/p>\n[\/vc_column_text][\/vc_column_inner][\/vc_row_inner][mk_padding_divider size=&#8221;20&#8243;][\/vc_column][\/mk_page_section][mk_page_section bg_image=&#8221;https:\/\/www.lichtstark.ch\/wp-content\/uploads\/2017\/02\/rutschenturm-02.jpg&#8221; attachment=&#8221;fixed&#8221; bg_position=&#8221;center center&#8221; bg_repeat=&#8221;no-repeat&#8221; bg_stretch=&#8221;true&#8221; full_width=&#8221;true&#8221; sidebar=&#8221;sidebar-1&#8243;][vc_column][mk_padding_divider size=&#8221;400&#8243;][\/vc_column][\/mk_page_section][mk_page_section bg_image=&#8221;https:\/\/www.lichtstark.ch\/wp-content\/uploads\/2016\/05\/overlay.png&#8221; attachment=&#8221;fixed&#8221; bg_position=&#8221;left center&#8221; bg_repeat=&#8221;no-repeat&#8221; section_id=&#8221;kontakt&#8221; sidebar=&#8221;sidebar-1&#8243;][vc_column][vc_row_inner][vc_column_inner][mk_padding_divider][vc_column_text css=&#8221;.vc_custom_1509119220146{margin-bottom: 0px !important;}&#8221;]\n<h4 style=\"text-align: center;\"><span style=\"color: #f36f21;\"><span style=\"color: #a1a1a1;\">INFORMATION DE<\/span> CONTACT<\/span><\/h4>\n[\/vc_column_text][mk_padding_divider size=&#8221;10&#8243;][\/vc_column_inner][\/vc_row_inner][vc_row_inner attached=&#8221;true&#8221; column_padding=&#8221;1&#8243;][vc_column_inner width=&#8221;1\/3&#8243;][vc_column_text css=&#8221;.vc_custom_1509122629824{margin-bottom: 0px !important;}&#8221;]\n<p style=\"text-align: left;\"><span style=\"color: #f36f21;\">ADRESSE<\/span><\/p>\n[\/vc_column_text][vc_column_text css=&#8221;.vc_custom_1569255633540{margin-bottom: 0px !important;}&#8221;]<span style=\"color: #a1a1a1;\">Lichtstark M. Benz<\/span><br \/>\n<span style=\"color: #a1a1a1;\">Rorschacher Strasse \u00a075a<\/span><br \/>\n<span style=\"color: #a1a1a1;\">CH-9000 St. Gallen<\/span><br \/>\n<span style=\"color: #a1a1a1;\">Suisse<br \/>\nTel +41(0)71\u00a0260 26 76<\/span><span style=\"color: #a1a1a1;\"><br \/>\n<\/span><span style=\"color: #a1a1a1;\">Mail:<\/span>\u00a0<a style=\"color: #f36f21;\" href=\"mailto:licht@lichtstark.ch\">licht[at]lichtstark.ch<br \/>\n<\/a><span style=\"color: #a1a1a1;\">Site Web:<\/span>\u00a0<a style=\"color: #f36f21;\" href=\"https:\/\/www.lichtstark.ch\" target=\"_blank\" rel=\"noopener noreferrer\">www.lichtstark.ch<br \/>\n<\/a><span style=\"color: #a1a1a1;\">Facebook:<\/span>\u00a0<a style=\"color: #f36f21;\" href=\"https:\/\/www.facebook.com\/lichtstark.ch\" target=\"_blank\" rel=\"noopener noreferrer\">www.facebook.ch\/lichtstark.ch<\/a>[\/vc_column_text][\/vc_column_inner][vc_column_inner width=&#8221;1\/3&#8243;][vc_column_text css=&#8221;.vc_custom_1509119319193{margin-bottom: 0px !important;}&#8221;]\n<p style=\"text-align: left;\"><span style=\"color: #f36f21;\">HEURES D\u2019OUVERTURE<\/span><\/p>\n[\/vc_column_text][vc_column_text css=&#8221;.vc_custom_1509119293532{margin-bottom: 0px !important;}&#8221;]<span style=\"color: #a1a1a1;\">Lu au Ve 8:00 \u2013 12:00\/13:30 \u2013 17:00 heures. Etant donn\u00e9 que nous sommes souvent en d\u00e9placement, nous vous recommandons de prendre rendez-vous avant votre visite. Dans le cas o\u00f9 nous ne serions pas en mesure de r\u00e9pondre \u00e0 votre appel, vous avez la possibilit\u00e9 de nous laisser un message, et nous nous ferons un plaisir de vous rappeler. Nous n\u2019avons pas de magasin ou de salle d\u2019exposition!<\/span>[\/vc_column_text][\/vc_column_inner][vc_column_inner width=&#8221;1\/3&#8243;][vc_column_text css=&#8221;.vc_custom_1509119340054{margin-bottom: 0px !important;}&#8221;]\n<p style=\"text-align: left;\"><span style=\"color: #f36f21;\">CARTE<\/span><\/p>\n[\/vc_column_text][mk_padding_divider size=&#8221;10&#8243;][vc_gmaps link=&#8221;#E-8_JTNDaWZyYW1lJTIwc3JjJTNEJTIyaHR0cHMlM0ElMkYlMkZ3d3cuZ29vZ2xlLmNvbSUyRm1hcHMlMkZlbWJlZCUzRnBiJTNEJTIxMW0xOCUyMTFtMTIlMjExbTMlMjExZDI5OTQuODkzMDgwOTUzNzgxJTIxMmQ5LjM4MzA3Nzk2ODIyNjYyMyUyMTNkNDcuNDI4NTQwMzQ4Mjc1MzIlMjEybTMlMjExZjAlMjEyZjAlMjEzZjAlMjEzbTIlMjExaTEwMjQlMjEyaTc2OCUyMTRmMTMuMSUyMTNtMyUyMTFtMiUyMTFzMHg0NzliMWU1MDdiZWRmOGJkJTI1M0EweGQ3OTdkMjlhOTM2ODIwNzElMjEyc1JvcnNjaGFjaGVyJTI1MjBTdHIuJTI1MjA3NUElMjUyQyUyNTIwOTAwMCUyNTIwU3QuJTI1MjBHYWxsZW4lMjE1ZTAlMjEzbTIlMjExc2RlJTIxMnNjaCUyMTR2MTU2OTI1NTkyNTY1NCUyMTVtMiUyMTFzZGUlMjEyc2NoJTIyJTIwd2lkdGglM0QlMjI2MDAlMjIlMjBoZWlnaHQlM0QlMjI0NTAlMjIlMjBmcmFtZWJvcmRlciUzRCUyMjAlMjIlMjBzdHlsZSUzRCUyMmJvcmRlciUzQTAlM0IlMjIlMjBhbGxvd2Z1bGxzY3JlZW4lM0QlMjIlMjIlM0UlM0MlMkZpZnJhbWUlM0U=&#8221; size=&#8221;&#8221;][vc_column_text][\/vc_column_text][\/vc_column_inner][\/vc_row_inner][mk_padding_divider size=&#8221;20&#8243;][\/vc_column][\/mk_page_section][mk_page_section bg_image=&#8221;https:\/\/www.lichtstark.ch\/wp-content\/uploads\/2016\/05\/Gastronomie-Background.jpg&#8221; attachment=&#8221;fixed&#8221; bg_position=&#8221;center center&#8221; bg_repeat=&#8221;no-repeat&#8221; bg_stretch=&#8221;true&#8221; full_width=&#8221;true&#8221; sidebar=&#8221;sidebar-1&#8243;][vc_column][mk_padding_divider size=&#8221;400&#8243;][\/vc_column][\/mk_page_section][mk_page_section bg_image=&#8221;https:\/\/www.lichtstark.ch\/wp-content\/uploads\/2016\/05\/overlay.png&#8221; attachment=&#8221;fixed&#8221; bg_position=&#8221;left center&#8221; bg_repeat=&#8221;no-repeat&#8221; section_id=&#8221;lichtstark&#8221; sidebar=&#8221;sidebar-1&#8243;][vc_column][vc_row_inner attached=&#8221;true&#8221; column_padding=&#8221;1&#8243;][vc_column_inner width=&#8221;1\/3&#8243;][vc_column_text css=&#8221;.vc_custom_1509119371687{margin-bottom: 0px !important;}&#8221;]\n<p style=\"text-align: left;\"><span style=\"color: #f36f21;\"><br \/>\nSITEMAP<\/span><\/p>\n<p><span style=\"color: #a1a1a1;\"><a href=\"https:\/\/www.lichtstark.ch\/fr\/#licht\">FORCE DE LA LUMI\u00c8RE<br \/>\n<\/a><\/span><span style=\"color: #a1a1a1;\"><a href=\"https:\/\/www.lichtstark.ch\/fr\/#kompetenzen\">FORTES COMP\u00c9TENCES<\/a><\/span><br \/>\n<span style=\"color: #a1a1a1;\"><a href=\"https:\/\/www.lichtstark.ch\/fr\/#projekte\">PROJETS R\u00c9ALIS\u00c9S<\/a><\/span><br \/>\n<span style=\"color: #a1a1a1;\"><a href=\"https:\/\/www.lichtstark.ch\/fr\/#angebote\">OFFRES INTERESSANTES<br \/>\n<\/a><a href=\"https:\/\/www.lichtstark.ch\/fr\/#videos\">VID\u00c9OS DE PROJET<\/a><\/span><br \/>\n<span style=\"color: #a1a1a1;\"><a href=\"https:\/\/www.lichtstark.ch\/fr\/#team\">L&#8217;EQUIPE LICHTSTARK<\/a><\/span><br \/>\n<span style=\"color: #a1a1a1;\"><a href=\"https:\/\/www.lichtstark.ch\/fr\/#kontakt\">INFORMATION DE CONTACT<br \/>\n<\/a><\/span>[\/vc_column_text][vc_column_text][\/vc_column_text][\/vc_column_inner][vc_column_inner width=&#8221;1\/3&#8243;][vc_column_text css=&#8221;.vc_custom_1509119412861{margin-bottom: 0px !important;}&#8221;]\n<p style=\"text-align: left;\"><span style=\"color: #f36f21;\"><br \/>\nNOTRE SITE INTERNET<br \/>\n<\/span><\/p>\n<p><span style=\"color: #a1a1a1;\">L\u2019\u00e9quipe comp\u00e9tente de LICHTSTARK vous soutient pour toute question concernant l\u2019agencement luminaire, la visualisation, et l\u2019impl\u00e9mentation de projets d\u2019\u00e9clairage. Nous esp\u00e9rons que notre site internet vous a donn\u00e9 des id\u00e9es. Il est toujours possible de prendre contact avec nous pour un conseil personnalis\u00e9 sans engagement.<\/span>[\/vc_column_text][\/vc_column_inner][vc_column_inner width=&#8221;1\/3&#8243;][vc_column_text css=&#8221;.vc_custom_1584702514156{margin-bottom: 0px !important;}&#8221;]\n<p style=\"text-align: left;\"><span style=\"color: #f36f21;\"><br \/>\nIMPRESSUM<\/span><\/p>\n<p><span style=\"color: #a1a1a1;\">Lichtstark M. Benz<\/span><br \/>\n<span style=\"color: #a1a1a1;\">Rorschacher Strasse 75a<\/span><br \/>\n<span style=\"color: #a1a1a1;\">CH-9000 St. Gallen<\/span><br \/>\n<span style=\"color: #a1a1a1;\">Suisse<br \/>\nPersonne responsable: Mathias Benz.<a style=\"color: #f36f21;\" href=\"mailto:licht@lichtstark.ch\"><br \/>\n<\/a><\/span><span style=\"color: #a1a1a1;\">\u00a9+\u2117 LICHTSTARK, tous droits r\u00e9serv\u00e9s. Photos et vid\u00e9os sont prot\u00e9g\u00e9es par les droits d\u2019auteur.<\/span><span style=\"color: #a1a1a1;\"><br \/>\n<\/span>[\/vc_column_text][\/vc_column_inner][\/vc_row_inner][mk_padding_divider size=&#8221;20&#8243;][\/vc_column][\/mk_page_section]\n<\/div>","protected":false},"excerpt":{"rendered":"<p>[mk_page_section attachment=&#8221;fixed&#8221; bg_position=&#8221;center center&#8221; bg_repeat=&#8221;no-repeat&#8221; bg_stretch=&#8221;true&#8221; enable_3d=&#8221;true&#8221; full_width=&#8221;true&#8221; full_height=&#8221;true&#8221; padding_top=&#8221;0&#8243; padding_bottom=&#8221;0&#8243; skip_arrow=&#8221;true&#8221; sidebar=&#8221;sidebar-1&#8243;][vc_column][vc_video host=&#8221;self_hosted&#8221; mp4=&#8221;https:\/\/www.lichtstark.ch\/wp-content\/uploads\/2017\/07\/lichtstark-3d-4.9-ohne-ton.mp4&#8243; poster_image=&#8221;https:\/\/www.lichtstark.ch\/wp-content\/uploads\/2016\/05\/Lichtstark-3D-1280.jpg&#8221; autoplay=&#8221;true&#8221; loop=&#8221;true&#8221;][\/vc_column][\/mk_page_section][mk_page_section bg_image=&#8221;http:\/\/www.lichtstark.ch\/wp-content\/uploads\/2016\/05\/overlay.png&#8221; attachment=&#8221;fixed&#8221; bg_repeat=&#8221;no-repeat&#8221; section_id=&#8221;licht&#8221; sidebar=&#8221;sidebar-1&#8243;][vc_column][vc_row_inner attached=&#8221;true&#8221; column_padding=&#8221;1&#8243;][vc_column_inner][mk_padding_divider size=&#8221;20&#8243;][vc_column_text css=&#8221;.vc_custom_1509117915704{margin-bottom: 0px !important;}&#8221;] FORCE DE LA LUMI\u00c8RE [\/vc_column_text][\/vc_column_inner][\/vc_row_inner][vc_row_inner attached=&#8221;true&#8221; column_padding=&#8221;1&#8243;][vc_column_inner width=&#8221;1\/2&#8243;][vc_column_text css=&#8221;.vc_custom_1509117947519{margin-bottom: 0px !important;}&#8221;]C\u2019est gr\u00e2ce \u00e0 la lumi\u00e8re que la vie prosp\u00e8re\u00a0; sans lumi\u00e8re les plantes ont beaucoup de [&hellip;]<\/p>\n","protected":false},"author":3,"featured_media":0,"parent":0,"menu_order":0,"comment_status":"closed","ping_status":"closed","template":"","meta":{"footnotes":""},"class_list":["post-2334","page","type-page","status-publish","hentry"],"translation":{"provider":"WPGlobus","version":"3.0.1","language":"fr","enabled_languages":["ch","en","fr","es"],"languages":{"ch":{"title":true,"content":true,"excerpt":false},"en":{"title":false,"content":true,"excerpt":false},"fr":{"title":false,"content":true,"excerpt":false},"es":{"title":false,"content":true,"excerpt":false}}},"_links":{"self":[{"href":"https:\/\/www.lichtstark.ch\/fr\/wp-json\/wp\/v2\/pages\/2334","targetHints":{"allow":["GET"]}}],"collection":[{"href":"https:\/\/www.lichtstark.ch\/fr\/wp-json\/wp\/v2\/pages"}],"about":[{"href":"https:\/\/www.lichtstark.ch\/fr\/wp-json\/wp\/v2\/types\/page"}],"author":[{"embeddable":true,"href":"https:\/\/www.lichtstark.ch\/fr\/wp-json\/wp\/v2\/users\/3"}],"replies":[{"embeddable":true,"href":"https:\/\/www.lichtstark.ch\/fr\/wp-json\/wp\/v2\/comments?post=2334"}],"version-history":[{"count":3,"href":"https:\/\/www.lichtstark.ch\/fr\/wp-json\/wp\/v2\/pages\/2334\/revisions"}],"predecessor-version":[{"id":2534,"href":"https:\/\/www.lichtstark.ch\/fr\/wp-json\/wp\/v2\/pages\/2334\/revisions\/2534"}],"wp:attachment":[{"href":"https:\/\/www.lichtstark.ch\/fr\/wp-json\/wp\/v2\/media?parent=2334"}],"curies":[{"name":"wp","href":"https:\/\/api.w.org\/{rel}","templated":true}]}}